{"id":8516,"date":"2025-07-28T20:49:02","date_gmt":"2025-07-28T23:49:02","guid":{"rendered":"https:\/\/www.fazendaboqueiraorn.com.br\/?post_type=product&#038;p=8516"},"modified":"2026-01-20T15:53:10","modified_gmt":"2026-01-20T18:53:10","slug":"mini-moto-serra-eletrica-bts-200","status":"publish","type":"product","link":"https:\/\/www.fazendaboqueiraorn.com.br\/en\/product\/mini-moto-serra-eletrica-bts-200\/","title":{"rendered":"Mini Moto Serra El\u00e9trica Bts-200"},"content":{"rendered":"<p>A Mini Moto Serra El\u00e9trica Bts-200 da The Black Tools \u00e9 uma excelente escolha para quem busca praticidade e efici\u00eancia em cortes de madeira e poda. Constru\u00edda com materiais de alta qualidade, oferece facilidade de opera\u00e7\u00e3o e ampla aplica\u00e7\u00e3o em jardinagem e carpintaria.<\/p>\n<p>Equipada com um motor de escova, garante partida r\u00e1pida, frenagem segura e controle simples do circuito. Al\u00e9m disso, sua corrente passa por um processo de t\u00eampera profunda em alta temperatura, resultando em maior durabilidade e cortes precisos.<\/p>\n<p><strong>Vantagens<\/strong>:<\/p>\n<ul>\n<li>Alto desempenho \u2013 Realiza cortes em madeiras de at\u00e9 15 cm de di\u00e2metro em apenas 10 segundos.<\/li>\n<li>Ergonomia e seguran\u00e7a \u2013 Design compacto que facilita o manuseio e aumenta a efici\u00eancia.<\/li>\n<li>Mobilidade sem fio \u2013 A bateria recarreg\u00e1vel permite o uso sem necessidade de conex\u00e3o \u00e0 energia.<\/li>\n<\/ul>\n<p><strong>Ideal para:<\/strong><\/p>\n<ul>\n<li>Corte de madeira, \u00e1rvores, ramos e galhos;<\/li>\n<li>Trabalhos de poda e jardinagem;<\/li>\n<li>Uso dom\u00e9stico e profissional.<\/li>\n<\/ul>\n<p><strong>Especifica\u00e7\u00f5es T\u00e9cnicas:<\/strong><\/p>\n<ul>\n<li>Velocidade da corrente: 5 m\/s;<\/li>\n<li>Luz indicadora de bateria;<\/li>\n<li>Bateria: 21V, recarreg\u00e1vel;<\/li>\n<li>Sabre: 150 mm.<\/li>\n<\/ul>\n<p><strong>ITENS INCLUSOS:<\/strong><\/p>\n<ul>\n<li>01 Bateria 2.000 mAh;<\/li>\n<li>01 Carregador Bivolt;<\/li>\n<li>01 Chave de fenda;<\/li>\n<li>01 Chave fixa;<\/li>\n<li>01 Placa guia;<\/li>\n<li>01 Corrente.<\/li>\n<\/ul>\n<p><strong>Cuidados e Recomenda\u00e7\u00f5es:<\/strong><\/p>\n<ul>\n<li>Evite pressionar a ferramenta com for\u00e7a \u2013 Deixe a corrente realizar o corte de forma gradual.<\/li>\n<\/ul>","protected":false},"excerpt":{"rendered":"<p>A Mini Moto Serra El\u00e9trica Bts-200 da The Black Tools \u00e9 uma excelente escolha para quem busca praticidade e efici\u00eancia em cortes de madeira e poda.<\/p>","protected":false},"featured_media":8521,"comment_status":"open","ping_status":"closed","template":"","meta":{"nf_dc_page":"","_uag_custom_page_level_css":"","site-sidebar-layout":"default","site-content-layout":"","ast-site-content-layout":"default","site-content-style":"default","site-sidebar-style":"default","ast-global-header-display":"","ast-banner-title-visibility":"","ast-main-header-display":"","ast-hfb-above-header-display":"","ast-hfb-below-header-display":"","ast-hfb-mobile-header-display":"","site-post-title":"","ast-breadcrumbs-content":"","ast-featured-img":"","footer-sml-layout":"","ast-disable-related-posts":"","theme-transparent-header-meta":"default","adv-header-id-meta":"","stick-header-meta":"","header-above-stick-meta":"","header-main-stick-meta":"","header-below-stick-meta":"","astra-migrate-meta-layouts":"set","ast-page-background-enabled":"default","ast-page-background-meta":{"desktop":{"background-color":"var(--ast-global-color-4)","background-image":"","background-repeat":"repeat","background-position":"center center","background-size":"auto","background-attachment":"scroll","background-type":"","background-media":"","overlay-type":"","overlay-color":"","overlay-opacity":"","overlay-gradient":""},"tablet":{"background-color":"","background-image":"","background-repeat":"repeat","background-position":"center center","background-size":"auto","background-attachment":"scroll","background-type":"","background-media":"","overlay-type":"","overlay-color":"","overlay-opacity":"","overlay-gradient":""},"mobile":{"background-color":"","background-image":"","background-repeat":"repeat","background-position":"center center","background-size":"auto","background-attachment":"scroll","background-type":"","background-media":"","overlay-type":"","overlay-color":"","overlay-opacity":"","overlay-gradient":""}},"ast-content-background-meta":{"desktop":{"background-color":"var(--ast-global-color-5)","background-image":"","background-repeat":"repeat","background-position":"center center","background-size":"auto","background-attachment":"scroll","background-type":"","background-media":"","overlay-type":"","overlay-color":"","overlay-opacity":"","overlay-gradient":""},"tablet":{"background-color":"var(--ast-global-color-5)","background-image":"","background-repeat":"repeat","background-position":"center center","background-size":"auto","background-attachment":"scroll","background-type":"","background-media":"","overlay-type":"","overlay-color":"","overlay-opacity":"","overlay-gradient":""},"mobile":{"background-color":"var(--ast-global-color-5)","background-image":"","background-repeat":"repeat","background-position":"center center","background-size":"auto","background-attachment":"scroll","background-type":"","background-media":"","overlay-type":"","overlay-color":"","overlay-opacity":"","overlay-gradient":""}},"jetpack_post_was_ever_published":false,"jetpack_publicize_message":"","jetpack_publicize_feature_enabled":true,"jetpack_social_post_already_shared":true,"jetpack_social_options":{"image_generator_settings":{"template":"highway","default_image_id":0,"font":"","enabled":false},"version":2}},"product_brand":[4832],"product_cat":[4831],"product_tag":[4833],"class_list":{"0":"post-8516","1":"product","2":"type-product","3":"status-publish","4":"has-post-thumbnail","6":"product_brand-the-black-tools","7":"product_cat-serras","8":"product_tag-moto-serra","9":"desktop-align-left","10":"tablet-align-left","11":"mobile-align-left","13":"first","14":"instock","15":"shipping-taxable","16":"product-type-external"},"yoast_head":"<!-- This site is optimized with the Yoast SEO plugin v27.5 - https:\/\/yoast.com\/product\/yoast-seo-wordpress\/ -->\n<title>Mini Moto Serra El\u00e9trica Bts-200 - Fazenda Boqueir\u00e3o<\/title>\n<meta name=\"description\" content=\"A Mini Moto Serra El\u00e9trica Bts-200 da The Black Tools \u00e9 uma excelente escolha para quem busca praticidade e efici\u00eancia em cortes de madeira e poda.\" \/>\n<meta name=\"robots\" content=\"index, follow, max-snippet:-1, max-image-preview:large, max-video-preview:-1\" \/>\n<link rel=\"canonical\" href=\"https:\/\/www.fazendaboqueiraorn.com.br\/en\/product\/mini-moto-serra-eletrica-bts-200\/\" \/>\n<meta property=\"og:locale\" content=\"en_US\" \/>\n<meta property=\"og:type\" content=\"article\" \/>\n<meta property=\"og:title\" content=\"Mini Moto Serra El\u00e9trica Bts-200 - Fazenda Boqueir\u00e3o\" \/>\n<meta property=\"og:description\" content=\"A Mini Moto Serra El\u00e9trica Bts-200 da The Black Tools \u00e9 uma excelente escolha para quem busca praticidade e efici\u00eancia em cortes de madeira e poda.\" \/>\n<meta property=\"og:url\" content=\"https:\/\/www.fazendaboqueiraorn.com.br\/en\/product\/mini-moto-serra-eletrica-bts-200\/\" \/>\n<meta property=\"og:site_name\" content=\"Fazenda Boqueir\u00e3o\" \/>\n<meta property=\"article:publisher\" content=\"https:\/\/www.facebook.com\/fazboqueirao\" \/>\n<meta property=\"article:modified_time\" content=\"2026-01-20T18:53:10+00:00\" \/>\n<meta property=\"og:image\" content=\"https:\/\/www.fazendaboqueiraorn.com.br\/wp-content\/uploads\/2025\/07\/mini-moto-serra.webp\" \/>\n\t<meta property=\"og:image:width\" content=\"1080\" \/>\n\t<meta property=\"og:image:height\" content=\"1080\" \/>\n\t<meta property=\"og:image:type\" content=\"image\/webp\" \/>\n<meta name=\"twitter:card\" content=\"summary_large_image\" \/>\n<meta name=\"twitter:site\" content=\"@FazBoqueirao\" \/>\n<meta name=\"twitter:label1\" content=\"Est. reading time\" \/>\n\t<meta name=\"twitter:data1\" content=\"2 minutes\" \/>\n<script type=\"application\/ld+json\" class=\"yoast-schema-graph\">{\"@context\":\"https:\\\/\\\/schema.org\",\"@graph\":[{\"@type\":\"WebPage\",\"@id\":\"https:\\\/\\\/www.fazendaboqueiraorn.com.br\\\/produto\\\/mini-moto-serra-eletrica-bts-200\\\/\",\"url\":\"https:\\\/\\\/www.fazendaboqueiraorn.com.br\\\/produto\\\/mini-moto-serra-eletrica-bts-200\\\/\",\"name\":\"Mini Moto Serra El\u00e9trica Bts-200 - Fazenda Boqueir\u00e3o\",\"isPartOf\":{\"@id\":\"https:\\\/\\\/www.fazendaboqueiraorn.com.br\\\/#website\"},\"primaryImageOfPage\":{\"@id\":\"https:\\\/\\\/www.fazendaboqueiraorn.com.br\\\/produto\\\/mini-moto-serra-eletrica-bts-200\\\/#primaryimage\"},\"image\":{\"@id\":\"https:\\\/\\\/www.fazendaboqueiraorn.com.br\\\/produto\\\/mini-moto-serra-eletrica-bts-200\\\/#primaryimage\"},\"thumbnailUrl\":\"https:\\\/\\\/i0.wp.com\\\/www.fazendaboqueiraorn.com.br\\\/wp-content\\\/uploads\\\/2025\\\/07\\\/mini-moto-serra.webp?fit=1080%2C1080&ssl=1\",\"datePublished\":\"2025-07-28T23:49:02+00:00\",\"dateModified\":\"2026-01-20T18:53:10+00:00\",\"description\":\"A Mini Moto Serra El\u00e9trica Bts-200 da The Black Tools \u00e9 uma excelente escolha para quem busca praticidade e efici\u00eancia em cortes de madeira e poda.\",\"breadcrumb\":{\"@id\":\"https:\\\/\\\/www.fazendaboqueiraorn.com.br\\\/produto\\\/mini-moto-serra-eletrica-bts-200\\\/#breadcrumb\"},\"inLanguage\":\"en-US\",\"potentialAction\":[{\"@type\":\"ReadAction\",\"target\":[\"https:\\\/\\\/www.fazendaboqueiraorn.com.br\\\/produto\\\/mini-moto-serra-eletrica-bts-200\\\/\"]}]},{\"@type\":\"ImageObject\",\"inLanguage\":\"en-US\",\"@id\":\"https:\\\/\\\/www.fazendaboqueiraorn.com.br\\\/produto\\\/mini-moto-serra-eletrica-bts-200\\\/#primaryimage\",\"url\":\"https:\\\/\\\/i0.wp.com\\\/www.fazendaboqueiraorn.com.br\\\/wp-content\\\/uploads\\\/2025\\\/07\\\/mini-moto-serra.webp?fit=1080%2C1080&ssl=1\",\"contentUrl\":\"https:\\\/\\\/i0.wp.com\\\/www.fazendaboqueiraorn.com.br\\\/wp-content\\\/uploads\\\/2025\\\/07\\\/mini-moto-serra.webp?fit=1080%2C1080&ssl=1\",\"width\":1080,\"height\":1080,\"caption\":\"Mini Moto Serra El\u00e9trica Bts-200\"},{\"@type\":\"BreadcrumbList\",\"@id\":\"https:\\\/\\\/www.fazendaboqueiraorn.com.br\\\/produto\\\/mini-moto-serra-eletrica-bts-200\\\/#breadcrumb\",\"itemListElement\":[{\"@type\":\"ListItem\",\"position\":1,\"name\":\"Home\",\"item\":\"https:\\\/\\\/www.fazendaboqueiraorn.com.br\\\/\"},{\"@type\":\"ListItem\",\"position\":2,\"name\":\"Produtos\",\"item\":\"https:\\\/\\\/www.fazendaboqueiraorn.com.br\\\/loja\\\/\"},{\"@type\":\"ListItem\",\"position\":3,\"name\":\"Mini Moto Serra El\u00e9trica Bts-200\"}]},{\"@type\":\"WebSite\",\"@id\":\"https:\\\/\\\/www.fazendaboqueiraorn.com.br\\\/#website\",\"url\":\"https:\\\/\\\/www.fazendaboqueiraorn.com.br\\\/\",\"name\":\"Fazenda Boqueir\u00e3o\",\"description\":\"\",\"publisher\":{\"@id\":\"https:\\\/\\\/www.fazendaboqueiraorn.com.br\\\/#organization\"},\"potentialAction\":[{\"@type\":\"SearchAction\",\"target\":{\"@type\":\"EntryPoint\",\"urlTemplate\":\"https:\\\/\\\/www.fazendaboqueiraorn.com.br\\\/?s={search_term_string}\"},\"query-input\":{\"@type\":\"PropertyValueSpecification\",\"valueRequired\":true,\"valueName\":\"search_term_string\"}}],\"inLanguage\":\"en-US\"},{\"@type\":\"Organization\",\"@id\":\"https:\\\/\\\/www.fazendaboqueiraorn.com.br\\\/#organization\",\"name\":\"Fazenda Boqueir\u00e3o\",\"url\":\"https:\\\/\\\/www.fazendaboqueiraorn.com.br\\\/\",\"logo\":{\"@type\":\"ImageObject\",\"inLanguage\":\"en-US\",\"@id\":\"https:\\\/\\\/www.fazendaboqueiraorn.com.br\\\/#\\\/schema\\\/logo\\\/image\\\/\",\"url\":\"https:\\\/\\\/i0.wp.com\\\/www.fazendaboqueiraorn.com.br\\\/wp-content\\\/uploads\\\/2021\\\/08\\\/logo-fazenda-120x120-1.png?fit=120%2C120&ssl=1\",\"contentUrl\":\"https:\\\/\\\/i0.wp.com\\\/www.fazendaboqueiraorn.com.br\\\/wp-content\\\/uploads\\\/2021\\\/08\\\/logo-fazenda-120x120-1.png?fit=120%2C120&ssl=1\",\"width\":120,\"height\":120,\"caption\":\"Fazenda Boqueir\u00e3o\"},\"image\":{\"@id\":\"https:\\\/\\\/www.fazendaboqueiraorn.com.br\\\/#\\\/schema\\\/logo\\\/image\\\/\"},\"sameAs\":[\"https:\\\/\\\/www.facebook.com\\\/fazboqueirao\",\"https:\\\/\\\/x.com\\\/FazBoqueirao\",\"http:\\\/\\\/instagram.com\\\/fazboqueirao\\\/\",\"https:\\\/\\\/www.linkedin.com\\\/company\\\/fazboqueirao\\\/\",\"https:\\\/\\\/www.youtube.com\\\/channel\\\/UCUA4_8v8HkmMeNUh8c6Ky1Q\"]}]}<\/script>\n<!-- \/ Yoast SEO plugin. -->","yoast_head_json":{"title":"Mini Moto Serra El\u00e9trica Bts-200 - Fazenda Boqueir\u00e3o","description":"A Mini Moto Serra El\u00e9trica Bts-200 da The Black Tools \u00e9 uma excelente escolha para quem busca praticidade e efici\u00eancia em cortes de madeira e poda.","robots":{"index":"index","follow":"follow","max-snippet":"max-snippet:-1","max-image-preview":"max-image-preview:large","max-video-preview":"max-video-preview:-1"},"canonical":"https:\/\/www.fazendaboqueiraorn.com.br\/en\/product\/mini-moto-serra-eletrica-bts-200\/","og_locale":"en_US","og_type":"article","og_title":"Mini Moto Serra El\u00e9trica Bts-200 - Fazenda Boqueir\u00e3o","og_description":"A Mini Moto Serra El\u00e9trica Bts-200 da The Black Tools \u00e9 uma excelente escolha para quem busca praticidade e efici\u00eancia em cortes de madeira e poda.","og_url":"https:\/\/www.fazendaboqueiraorn.com.br\/en\/product\/mini-moto-serra-eletrica-bts-200\/","og_site_name":"Fazenda Boqueir\u00e3o","article_publisher":"https:\/\/www.facebook.com\/fazboqueirao","article_modified_time":"2026-01-20T18:53:10+00:00","og_image":[{"width":1080,"height":1080,"url":"https:\/\/www.fazendaboqueiraorn.com.br\/wp-content\/uploads\/2025\/07\/mini-moto-serra.webp","type":"image\/webp"}],"twitter_card":"summary_large_image","twitter_site":"@FazBoqueirao","twitter_misc":{"Est. reading time":"2 minutes"},"schema":{"@context":"https:\/\/schema.org","@graph":[{"@type":"WebPage","@id":"https:\/\/www.fazendaboqueiraorn.com.br\/produto\/mini-moto-serra-eletrica-bts-200\/","url":"https:\/\/www.fazendaboqueiraorn.com.br\/produto\/mini-moto-serra-eletrica-bts-200\/","name":"Mini Moto Serra El\u00e9trica Bts-200 - Fazenda Boqueir\u00e3o","isPartOf":{"@id":"https:\/\/www.fazendaboqueiraorn.com.br\/#website"},"primaryImageOfPage":{"@id":"https:\/\/www.fazendaboqueiraorn.com.br\/produto\/mini-moto-serra-eletrica-bts-200\/#primaryimage"},"image":{"@id":"https:\/\/www.fazendaboqueiraorn.com.br\/produto\/mini-moto-serra-eletrica-bts-200\/#primaryimage"},"thumbnailUrl":"https:\/\/i0.wp.com\/www.fazendaboqueiraorn.com.br\/wp-content\/uploads\/2025\/07\/mini-moto-serra.webp?fit=1080%2C1080&ssl=1","datePublished":"2025-07-28T23:49:02+00:00","dateModified":"2026-01-20T18:53:10+00:00","description":"A Mini Moto Serra El\u00e9trica Bts-200 da The Black Tools \u00e9 uma excelente escolha para quem busca praticidade e efici\u00eancia em cortes de madeira e poda.","breadcrumb":{"@id":"https:\/\/www.fazendaboqueiraorn.com.br\/produto\/mini-moto-serra-eletrica-bts-200\/#breadcrumb"},"inLanguage":"en-US","potentialAction":[{"@type":"ReadAction","target":["https:\/\/www.fazendaboqueiraorn.com.br\/produto\/mini-moto-serra-eletrica-bts-200\/"]}]},{"@type":"ImageObject","inLanguage":"en-US","@id":"https:\/\/www.fazendaboqueiraorn.com.br\/produto\/mini-moto-serra-eletrica-bts-200\/#primaryimage","url":"https:\/\/i0.wp.com\/www.fazendaboqueiraorn.com.br\/wp-content\/uploads\/2025\/07\/mini-moto-serra.webp?fit=1080%2C1080&ssl=1","contentUrl":"https:\/\/i0.wp.com\/www.fazendaboqueiraorn.com.br\/wp-content\/uploads\/2025\/07\/mini-moto-serra.webp?fit=1080%2C1080&ssl=1","width":1080,"height":1080,"caption":"Mini Moto Serra El\u00e9trica Bts-200"},{"@type":"BreadcrumbList","@id":"https:\/\/www.fazendaboqueiraorn.com.br\/produto\/mini-moto-serra-eletrica-bts-200\/#breadcrumb","itemListElement":[{"@type":"ListItem","position":1,"name":"Home","item":"https:\/\/www.fazendaboqueiraorn.com.br\/"},{"@type":"ListItem","position":2,"name":"Produtos","item":"https:\/\/www.fazendaboqueiraorn.com.br\/loja\/"},{"@type":"ListItem","position":3,"name":"Mini Moto Serra El\u00e9trica Bts-200"}]},{"@type":"WebSite","@id":"https:\/\/www.fazendaboqueiraorn.com.br\/#website","url":"https:\/\/www.fazendaboqueiraorn.com.br\/","name":"Fazenda Boqueir\u00e3o","description":"","publisher":{"@id":"https:\/\/www.fazendaboqueiraorn.com.br\/#organization"},"potentialAction":[{"@type":"SearchAction","target":{"@type":"EntryPoint","urlTemplate":"https:\/\/www.fazendaboqueiraorn.com.br\/?s={search_term_string}"},"query-input":{"@type":"PropertyValueSpecification","valueRequired":true,"valueName":"search_term_string"}}],"inLanguage":"en-US"},{"@type":"Organization","@id":"https:\/\/www.fazendaboqueiraorn.com.br\/#organization","name":"Fazenda Boqueir\u00e3o","url":"https:\/\/www.fazendaboqueiraorn.com.br\/","logo":{"@type":"ImageObject","inLanguage":"en-US","@id":"https:\/\/www.fazendaboqueiraorn.com.br\/#\/schema\/logo\/image\/","url":"https:\/\/i0.wp.com\/www.fazendaboqueiraorn.com.br\/wp-content\/uploads\/2021\/08\/logo-fazenda-120x120-1.png?fit=120%2C120&ssl=1","contentUrl":"https:\/\/i0.wp.com\/www.fazendaboqueiraorn.com.br\/wp-content\/uploads\/2021\/08\/logo-fazenda-120x120-1.png?fit=120%2C120&ssl=1","width":120,"height":120,"caption":"Fazenda Boqueir\u00e3o"},"image":{"@id":"https:\/\/www.fazendaboqueiraorn.com.br\/#\/schema\/logo\/image\/"},"sameAs":["https:\/\/www.facebook.com\/fazboqueirao","https:\/\/x.com\/FazBoqueirao","http:\/\/instagram.com\/fazboqueirao\/","https:\/\/www.linkedin.com\/company\/fazboqueirao\/","https:\/\/www.youtube.com\/channel\/UCUA4_8v8HkmMeNUh8c6Ky1Q"]}]}},"jetpack_publicize_connections":[],"uagb_featured_image_src":{"full":["https:\/\/i0.wp.com\/www.fazendaboqueiraorn.com.br\/wp-content\/uploads\/2025\/07\/mini-moto-serra.webp?fit=1080%2C1080&ssl=1",1080,1080,false],"thumbnail":["https:\/\/i0.wp.com\/www.fazendaboqueiraorn.com.br\/wp-content\/uploads\/2025\/07\/mini-moto-serra.webp?resize=150%2C150&ssl=1",150,150,true],"medium":["https:\/\/i0.wp.com\/www.fazendaboqueiraorn.com.br\/wp-content\/uploads\/2025\/07\/mini-moto-serra.webp?fit=300%2C300&ssl=1",300,300,true],"medium_large":["https:\/\/i0.wp.com\/www.fazendaboqueiraorn.com.br\/wp-content\/uploads\/2025\/07\/mini-moto-serra.webp?fit=768%2C768&ssl=1",768,768,true],"large":["https:\/\/i0.wp.com\/www.fazendaboqueiraorn.com.br\/wp-content\/uploads\/2025\/07\/mini-moto-serra.webp?fit=1024%2C1024&ssl=1",1024,1024,true],"1536x1536":["https:\/\/i0.wp.com\/www.fazendaboqueiraorn.com.br\/wp-content\/uploads\/2025\/07\/mini-moto-serra.webp?fit=1080%2C1080&ssl=1",1080,1080,true],"2048x2048":["https:\/\/i0.wp.com\/www.fazendaboqueiraorn.com.br\/wp-content\/uploads\/2025\/07\/mini-moto-serra.webp?fit=1080%2C1080&ssl=1",1080,1080,true],"trp-custom-language-flag":["https:\/\/i0.wp.com\/www.fazendaboqueiraorn.com.br\/wp-content\/uploads\/2025\/07\/mini-moto-serra.webp?fit=12%2C12&ssl=1",12,12,true],"ultp_layout_landscape_large":["https:\/\/i0.wp.com\/www.fazendaboqueiraorn.com.br\/wp-content\/uploads\/2025\/07\/mini-moto-serra.webp?resize=1080%2C800&ssl=1",1080,800,true],"ultp_layout_landscape":["https:\/\/i0.wp.com\/www.fazendaboqueiraorn.com.br\/wp-content\/uploads\/2025\/07\/mini-moto-serra.webp?resize=870%2C570&ssl=1",870,570,true],"ultp_layout_portrait":["https:\/\/i0.wp.com\/www.fazendaboqueiraorn.com.br\/wp-content\/uploads\/2025\/07\/mini-moto-serra.webp?resize=600%2C900&ssl=1",600,900,true],"ultp_layout_square":["https:\/\/i0.wp.com\/www.fazendaboqueiraorn.com.br\/wp-content\/uploads\/2025\/07\/mini-moto-serra.webp?resize=600%2C600&ssl=1",600,600,true],"woocommerce_thumbnail":["https:\/\/www.fazendaboqueiraorn.com.br\/wp-content\/uploads\/2025\/07\/mini-moto-serra-300x300.webp",300,300,true],"woocommerce_single":["https:\/\/www.fazendaboqueiraorn.com.br\/wp-content\/uploads\/2025\/07\/mini-moto-serra.webp",600,600,false],"woocommerce_gallery_thumbnail":["https:\/\/www.fazendaboqueiraorn.com.br\/wp-content\/uploads\/2025\/07\/mini-moto-serra-100x100.webp",100,100,true],"web-stories-poster-portrait":["https:\/\/www.fazendaboqueiraorn.com.br\/wp-content\/uploads\/2025\/07\/mini-moto-serra-640x853.webp",640,853,true],"web-stories-publisher-logo":["https:\/\/www.fazendaboqueiraorn.com.br\/wp-content\/uploads\/2025\/07\/mini-moto-serra-96x96.webp",96,96,true],"web-stories-thumbnail":["https:\/\/www.fazendaboqueiraorn.com.br\/wp-content\/uploads\/2025\/07\/mini-moto-serra-150x150.webp",150,150,true]},"uagb_author_info":{"display_name":"Fazenda Boqueir\u00e3o","author_link":"https:\/\/www.fazendaboqueiraorn.com.br\/en\/author\/"},"uagb_comment_info":8,"uagb_excerpt":"A Mini Moto Serra El\u00e9trica Bts-200 da The Black Tools \u00e9 uma excelente escolha para quem busca praticidade e efici\u00eancia em cortes de madeira e poda.","jetpack_sharing_enabled":true,"jetpack_likes_enabled":true,"_links":{"self":[{"href":"https:\/\/www.fazendaboqueiraorn.com.br\/en\/wp-json\/wp\/v2\/product\/8516","targetHints":{"allow":["GET"]}}],"collection":[{"href":"https:\/\/www.fazendaboqueiraorn.com.br\/en\/wp-json\/wp\/v2\/product"}],"about":[{"href":"https:\/\/www.fazendaboqueiraorn.com.br\/en\/wp-json\/wp\/v2\/types\/product"}],"replies":[{"embeddable":true,"href":"https:\/\/www.fazendaboqueiraorn.com.br\/en\/wp-json\/wp\/v2\/comments?post=8516"}],"wp:featuredmedia":[{"embeddable":true,"href":"https:\/\/www.fazendaboqueiraorn.com.br\/en\/wp-json\/wp\/v2\/media\/8521"}],"wp:attachment":[{"href":"https:\/\/www.fazendaboqueiraorn.com.br\/en\/wp-json\/wp\/v2\/media?parent=8516"}],"wp:term":[{"taxonomy":"product_brand","embeddable":true,"href":"https:\/\/www.fazendaboqueiraorn.com.br\/en\/wp-json\/wp\/v2\/product_brand?post=8516"},{"taxonomy":"product_cat","embeddable":true,"href":"https:\/\/www.fazendaboqueiraorn.com.br\/en\/wp-json\/wp\/v2\/product_cat?post=8516"},{"taxonomy":"product_tag","embeddable":true,"href":"https:\/\/www.fazendaboqueiraorn.com.br\/en\/wp-json\/wp\/v2\/product_tag?post=8516"}],"curies":[{"name":"wp","href":"https:\/\/api.w.org\/{rel}","templated":true}]}}