{"id":549,"date":"2021-09-08T17:25:03","date_gmt":"2021-09-08T20:25:03","guid":{"rendered":"https:\/\/www.fazendaboqueiraorn.com.br\/?page_id=549"},"modified":"2024-08-27T15:19:21","modified_gmt":"2024-08-27T18:19:21","slug":"geossitio","status":"publish","type":"page","link":"https:\/\/www.fazendaboqueiraorn.com.br\/en\/geossitio\/","title":{"rendered":"Geoss\u00edtios"},"content":{"rendered":"<p>Os geoss\u00edtios s\u00e3o locais bem delimitados graficamente e que concentram forma\u00e7\u00f5es geol\u00f3gicas com um grande valor cient\u00edfico, est\u00e9tico, ecol\u00f3gico, tur\u00edstico, cultural e educativo. A Fazenda Boqueir\u00e3o possui geo s\u00edtios de extrema beleza. O geoss\u00edtio Fazenda Boqueir\u00e3o al\u00e9m da Serra das Araras e Serra Vermelha, geo formas peculiares, como a pedra em forma de elefante, rinoceronte e o rosto humano.<\/p>\n\n\n\n<div class=\"wp-block-group alignfull has-background is-layout-flow wp-block-group-is-layout-flow\" style=\"background-color:#32403d;padding-right:var(--wp--preset--spacing--30);padding-left:var(--wp--preset--spacing--30)\">\n<h2 class=\"wp-block-heading alignwide has-text-align-center has-ast-global-color-5-color has-text-color has-link-color wp-elements-c0ff10635192789dc9c80f97b019f262\"><a href=\"https:\/\/www.fazendaboqueiraorn.com.br\/en\/geossiitio\/\">Geoss\u00edtios da Fazenda Boqueir\u00e3o<\/a><\/h2>\n\n\n<div  class=\"ultp-post-grid-block wp-block-ultimate-post-post-grid-2 ultp-block-240526\"><div class=\"ultp-block-wrapper\"><div class=\"ultp-loading\"><div class=\"ultp-loading-blocks\" style=\"width:100%;height:100%;\"><div style=\"left: 0;top: 0;animation-delay:0s;\"><\/div><div style=\"left: 21px;top: 0;animation-delay:0.125s;\"><\/div><div style=\"left: 42px;top: 0;animation-delay:0.25s;\"><\/div><div style=\"left: 0;top: 21px;animation-delay:0.875s;\"><\/div><div style=\"left: 42px;top: 21px;animation-delay:0.375s;\"><\/div><div style=\"left: 0;top: 42px;animation-delay:0.75s;\"><\/div><div style=\"left: 42px;top: 42px;animation-delay:0.625s;\"><\/div><div style=\"left: 21px;top: 42px;animation-delay:0.5s;\"><\/div><\/div><\/div><div class=\"ultp-block-items-wrap ultp-block-row\"><div class=\"ultp-block-item post-id-1649\"><div class=\"ultp-block-content-wrap ultp-block-content-overlay\"><div class=\"ultp-block-image ultp-block-image-zoomOut ultp-block-image-overlay ultp-block-image-default\"><a href=\"https:\/\/www.fazendaboqueiraorn.com.br\/en\/acude-camurim\/\" ><img decoding=\"async\" loading=\"lazy\"  alt=\"A\u00e7ude Camurim\"  src=\"https:\/\/i0.wp.com\/www.fazendaboqueiraorn.com.br\/wp-content\/uploads\/2022\/05\/acude_camurim-scaled.jpg?fit=300%2C135&#038;ssl=1\" \/><\/a><\/div><div class=\"ultp-block-content ultp-block-content-bottomPosition\"><div class=\"ultp-block-content-inner\"><h3 class=\"ultp-block-title\"><a href=\"https:\/\/www.fazendaboqueiraorn.com.br\/en\/acude-camurim\/\" >A\u00e7ude Camurim<\/a><\/h3><\/div><\/div><\/div><\/div><div class=\"ultp-block-item post-id-1642\"><div class=\"ultp-block-content-wrap ultp-block-content-overlay\"><div class=\"ultp-block-image ultp-block-image-zoomOut ultp-block-image-overlay ultp-block-image-default\"><a href=\"https:\/\/www.fazendaboqueiraorn.com.br\/en\/poco-do-dentao\/\" ><img decoding=\"async\" loading=\"lazy\"  alt=\"Po\u00e7o do Dent\u00e3o\"  src=\"https:\/\/i0.wp.com\/www.fazendaboqueiraorn.com.br\/wp-content\/uploads\/2022\/05\/poco_do_dentao-scaled.jpg?fit=300%2C135&#038;ssl=1\" \/><\/a><\/div><div class=\"ultp-block-content ultp-block-content-bottomPosition\"><div class=\"ultp-block-content-inner\"><h3 class=\"ultp-block-title\"><a href=\"https:\/\/www.fazendaboqueiraorn.com.br\/en\/poco-do-dentao\/\" >Po\u00e7o do Dent\u00e3o<\/a><\/h3><\/div><\/div><\/div><\/div><div class=\"ultp-block-item post-id-1822\"><div class=\"ultp-block-content-wrap ultp-block-content-overlay\"><div class=\"ultp-block-image ultp-block-image-zoomOut ultp-block-image-overlay ultp-block-image-default\"><a href=\"https:\/\/www.fazendaboqueiraorn.com.br\/en\/serra-das-araras\/\" ><img decoding=\"async\" loading=\"lazy\"  alt=\"Serra das Araras\"  src=\"https:\/\/i0.wp.com\/www.fazendaboqueiraorn.com.br\/wp-content\/uploads\/2022\/05\/WhatsApp-Image-2021-08-06-at-09.04.02-edited-scaled.jpeg?fit=300%2C225&#038;ssl=1\" \/><\/a><\/div><div class=\"ultp-block-content ultp-block-content-bottomPosition\"><div class=\"ultp-block-content-inner\"><h3 class=\"ultp-block-title\"><a href=\"https:\/\/www.fazendaboqueiraorn.com.br\/en\/serra-das-araras\/\" >Serra das Araras<\/a><\/h3><\/div><\/div><\/div><\/div><div class=\"ultp-block-item post-id-1827\"><div class=\"ultp-block-content-wrap ultp-block-content-overlay\"><div class=\"ultp-block-image ultp-block-image-zoomOut ultp-block-image-overlay ultp-block-image-default\"><a href=\"https:\/\/www.fazendaboqueiraorn.com.br\/en\/serra-vermelha\/\" ><img decoding=\"async\" loading=\"lazy\"  alt=\"Serra Vermelha\"  src=\"https:\/\/i0.wp.com\/www.fazendaboqueiraorn.com.br\/wp-content\/uploads\/2022\/05\/serra-vermelha-edited.jpg?fit=300%2C225&#038;ssl=1\" \/><\/a><\/div><div class=\"ultp-block-content ultp-block-content-bottomPosition\"><div class=\"ultp-block-content-inner\"><h3 class=\"ultp-block-title\"><a href=\"https:\/\/www.fazendaboqueiraorn.com.br\/en\/serra-vermelha\/\" >Pedra da F\u00e9<\/a><\/h3><\/div><\/div><\/div><\/div><div class=\"ultp-block-item post-id-1843\"><div class=\"ultp-block-content-wrap ultp-block-content-overlay\"><div class=\"ultp-block-image ultp-block-image-zoomOut ultp-block-image-overlay ultp-block-image-default\"><a href=\"https:\/\/www.fazendaboqueiraorn.com.br\/en\/pedra-do-elefante\/\" ><img decoding=\"async\" loading=\"lazy\"  alt=\"Pedra do Elefante\"  src=\"https:\/\/i0.wp.com\/www.fazendaboqueiraorn.com.br\/wp-content\/uploads\/2021\/08\/IMG_20210814_111218328_HDR-2-scaled-e1629912273902.jpg?fit=300%2C225&#038;ssl=1\" \/><\/a><\/div><div class=\"ultp-block-content ultp-block-content-bottomPosition\"><div class=\"ultp-block-content-inner\"><h3 class=\"ultp-block-title\"><a href=\"https:\/\/www.fazendaboqueiraorn.com.br\/en\/pedra-do-elefante\/\" >Pedra do Elefante<\/a><\/h3><\/div><\/div><\/div><\/div><div class=\"ultp-block-item post-id-3267\"><div class=\"ultp-block-content-wrap ultp-block-content-overlay\"><div class=\"ultp-block-image ultp-block-image-zoomOut ultp-block-image-overlay ultp-block-image-default\"><a href=\"https:\/\/www.fazendaboqueiraorn.com.br\/en\/pedra-do-rinoceronte\/\" ><img decoding=\"async\" loading=\"lazy\"  alt=\"Pedra do Rinocerante\"  src=\"https:\/\/i0.wp.com\/www.fazendaboqueiraorn.com.br\/wp-content\/uploads\/2021\/08\/1208.jpg?fit=300%2C225&#038;ssl=1\" \/><\/a><\/div><div class=\"ultp-block-content ultp-block-content-bottomPosition\"><div class=\"ultp-block-content-inner\"><h3 class=\"ultp-block-title\"><a href=\"https:\/\/www.fazendaboqueiraorn.com.br\/en\/pedra-do-rinoceronte\/\" >Pedra do Rinoceronte<\/a><\/h3><\/div><\/div><\/div><\/div><div class=\"ultp-block-item post-id-1862\"><div class=\"ultp-block-content-wrap ultp-block-content-overlay\"><div class=\"ultp-block-image ultp-block-image-zoomOut ultp-block-image-overlay ultp-block-image-default\"><a href=\"https:\/\/www.fazendaboqueiraorn.com.br\/en\/rosto-de-pedra\/\" ><img decoding=\"async\" loading=\"lazy\"  alt=\"Rosto de pedra\"  src=\"https:\/\/i0.wp.com\/www.fazendaboqueiraorn.com.br\/wp-content\/uploads\/2021\/08\/rosto-1.jpg?fit=225%2C300&#038;ssl=1\" \/><\/a><\/div><div class=\"ultp-block-content ultp-block-content-bottomPosition\"><div class=\"ultp-block-content-inner\"><h3 class=\"ultp-block-title\"><a href=\"https:\/\/www.fazendaboqueiraorn.com.br\/en\/rosto-de-pedra\/\" >Rosto de Pedra<\/a><\/h3><\/div><\/div><\/div><\/div><div class=\"ultp-block-item post-id-1840\"><div class=\"ultp-block-content-wrap ultp-block-content-overlay\"><div class=\"ultp-block-image ultp-block-image-zoomOut ultp-block-image-overlay ultp-block-image-default\"><a href=\"https:\/\/www.fazendaboqueiraorn.com.br\/en\/rio-potengi\/\" ><img decoding=\"async\" loading=\"lazy\"  alt=\"nascente do Rio Potengi\"  src=\"https:\/\/i0.wp.com\/www.fazendaboqueiraorn.com.br\/wp-content\/uploads\/2023\/02\/nascente-rio-potengi.jpg?fit=300%2C233&#038;ssl=1\" \/><\/a><\/div><div class=\"ultp-block-content ultp-block-content-bottomPosition\"><div class=\"ultp-block-content-inner\"><h3 class=\"ultp-block-title\"><a href=\"https:\/\/www.fazendaboqueiraorn.com.br\/en\/rio-potengi\/\" >Rio Potengi<\/a><\/h3><\/div><\/div><\/div><\/div><div class=\"ultp-block-item post-id-1866\"><div class=\"ultp-block-content-wrap ultp-block-content-overlay\"><div class=\"ultp-block-image ultp-block-image-zoomOut ultp-block-image-overlay ultp-block-image-default\"><a href=\"https:\/\/www.fazendaboqueiraorn.com.br\/en\/pedra-que-nunca-cai\/\" ><img decoding=\"async\" loading=\"lazy\"  alt=\"Pedra que nunca cai\"  src=\"https:\/\/i0.wp.com\/www.fazendaboqueiraorn.com.br\/wp-content\/uploads\/2021\/09\/WhatsApp-Image-2021-08-14-at-20.04.59.jpeg?fit=284%2C300&#038;ssl=1\" \/><\/a><\/div><div class=\"ultp-block-content ultp-block-content-bottomPosition\"><div class=\"ultp-block-content-inner\"><h3 class=\"ultp-block-title\"><a href=\"https:\/\/www.fazendaboqueiraorn.com.br\/en\/pedra-que-nunca-cai\/\" >Pedra que nunca cai<\/a><\/h3><\/div><\/div><\/div><\/div><div class=\"ultp-block-item post-id-1859\"><div class=\"ultp-block-content-wrap ultp-block-content-overlay\"><div class=\"ultp-block-image ultp-block-image-zoomOut ultp-block-image-overlay ultp-block-image-default\"><a href=\"https:\/\/www.fazendaboqueiraorn.com.br\/en\/serra-do-defunto\/\" ><img decoding=\"async\" loading=\"lazy\"  alt=\"Serra do Defunto\"  src=\"https:\/\/i0.wp.com\/www.fazendaboqueiraorn.com.br\/wp-content\/uploads\/2023\/03\/serra-do-defunto-aereaJPG-scaled.jpg?fit=300%2C225&#038;ssl=1\" \/><\/a><\/div><div class=\"ultp-block-content ultp-block-content-bottomPosition\"><div class=\"ultp-block-content-inner\"><h3 class=\"ultp-block-title\"><a href=\"https:\/\/www.fazendaboqueiraorn.com.br\/en\/serra-do-defunto\/\" >Serra do Defunto<\/a><\/h3><\/div><\/div><\/div><\/div><div class=\"ultp-block-item post-id-8642\"><div class=\"ultp-block-content-wrap ultp-block-content-overlay\"><div class=\"ultp-block-image ultp-block-image-zoomOut ultp-block-image-overlay ultp-block-image-default\"><a href=\"https:\/\/www.fazendaboqueiraorn.com.br\/en\/pedra-do-capacete\/\" ><img decoding=\"async\" loading=\"lazy\"  alt=\"Pedra do Capacete\"  src=\"https:\/\/i0.wp.com\/www.fazendaboqueiraorn.com.br\/wp-content\/uploads\/2025\/08\/pedra-do-capacete-scaled.webp?fit=225%2C300&#038;ssl=1\" \/><\/a><\/div><div class=\"ultp-block-content ultp-block-content-bottomPosition\"><div class=\"ultp-block-content-inner\"><h3 class=\"ultp-block-title\"><a href=\"https:\/\/www.fazendaboqueiraorn.com.br\/en\/pedra-do-capacete\/\" >Pedra do Capacete<\/a><\/h3><\/div><\/div><\/div><\/div><\/div><\/div><div class=\"pagination-block-html\" aria-hidden=\"true\" style=\"display: none;\"><\/div><\/div><\/div>\n\n\n\n<div style=\"height:100px\" aria-hidden=\"true\" class=\"wp-block-spacer\"><\/div>","protected":false},"excerpt":{"rendered":"<p>Os geoss\u00edtios s\u00e3o locais bem delimitados graficamente e que concentram forma\u00e7\u00f5es geol\u00f3gicas com um grande valor cient\u00edfico, est\u00e9tico, ecol\u00f3gico, tur\u00edstico, cultural e educativo. A Fazenda Boqueir\u00e3o possui geo s\u00edtios de extrema beleza. O geoss\u00edtio Fazenda Boqueir\u00e3o al\u00e9m da Serra das Araras e Serra Vermelha, geo formas peculiares, como a pedra em forma de elefante, rinoceronte [&hellip;]<\/p>\n","protected":false},"author":2,"featured_media":193,"parent":0,"menu_order":0,"comment_status":"closed","ping_status":"closed","template":"","meta":{"nf_dc_page":"","_uag_custom_page_level_css":"","site-sidebar-layout":"default","site-content-layout":"","ast-site-content-layout":"default","site-content-style":"default","site-sidebar-style":"default","ast-global-header-display":"","ast-banner-title-visibility":"","ast-main-header-display":"","ast-hfb-above-header-display":"","ast-hfb-below-header-display":"","ast-hfb-mobile-header-display":"","site-post-title":"","ast-breadcrumbs-content":"","ast-featured-img":"disabled","footer-sml-layout":"","ast-disable-related-posts":"","theme-transparent-header-meta":"","adv-header-id-meta":"","stick-header-meta":"","header-above-stick-meta":"","header-main-stick-meta":"","header-below-stick-meta":"","astra-migrate-meta-layouts":"default","ast-page-background-enabled":"default","ast-page-background-meta":{"desktop":{"background-color":"var(--ast-global-color-4)","background-image":"","background-repeat":"repeat","background-position":"center center","background-size":"auto","background-attachment":"scroll","background-type":"","background-media":"","overlay-type":"","overlay-color":"","overlay-opacity":"","overlay-gradient":""},"tablet":{"background-color":"","background-image":"","background-repeat":"repeat","background-position":"center center","background-size":"auto","background-attachment":"scroll","background-type":"","background-media":"","overlay-type":"","overlay-color":"","overlay-opacity":"","overlay-gradient":""},"mobile":{"background-color":"","background-image":"","background-repeat":"repeat","background-position":"center center","background-size":"auto","background-attachment":"scroll","background-type":"","background-media":"","overlay-type":"","overlay-color":"","overlay-opacity":"","overlay-gradient":""}},"ast-content-background-meta":{"desktop":{"background-color":"var(--ast-global-color-5)","background-image":"","background-repeat":"repeat","background-position":"center center","background-size":"auto","background-attachment":"scroll","background-type":"","background-media":"","overlay-type":"","overlay-color":"","overlay-opacity":"","overlay-gradient":""},"tablet":{"background-color":"var(--ast-global-color-5)","background-image":"","background-repeat":"repeat","background-position":"center center","background-size":"auto","background-attachment":"scroll","background-type":"","background-media":"","overlay-type":"","overlay-color":"","overlay-opacity":"","overlay-gradient":""},"mobile":{"background-color":"var(--ast-global-color-5)","background-image":"","background-repeat":"repeat","background-position":"center center","background-size":"auto","background-attachment":"scroll","background-type":"","background-media":"","overlay-type":"","overlay-color":"","overlay-opacity":"","overlay-gradient":""}},"jetpack_post_was_ever_published":false,"footnotes":""},"class_list":["post-549","page","type-page","status-publish","has-post-thumbnail","hentry"],"yoast_head":"<!-- This site is optimized with the Yoast SEO plugin v27.5 - https:\/\/yoast.com\/product\/yoast-seo-wordpress\/ -->\n<title>Geoss\u00edtios - Fazenda Boqueir\u00e3o<\/title>\n<meta name=\"description\" content=\"No Geoparque Boqueir\u00e3o, al\u00e9m da Serra das Araras e Serra Vermelha, possu\u00edmos geoformas peculiares, como a pedra em forma de elefante, rinoceronte e o rosto humano.\" \/>\n<meta name=\"robots\" content=\"index, follow, max-snippet:-1, max-image-preview:large, max-video-preview:-1\" \/>\n<link rel=\"canonical\" href=\"https:\/\/www.fazendaboqueiraorn.com.br\/en\/geossitio\/\" \/>\n<meta property=\"og:locale\" content=\"en_US\" \/>\n<meta property=\"og:type\" content=\"article\" \/>\n<meta property=\"og:title\" content=\"Geoss\u00edtios - Fazenda Boqueir\u00e3o\" \/>\n<meta property=\"og:description\" content=\"No Geoparque Boqueir\u00e3o, al\u00e9m da Serra das Araras e Serra Vermelha, possu\u00edmos geoformas peculiares, como a pedra em forma de elefante, rinoceronte e o rosto humano.\" \/>\n<meta property=\"og:url\" content=\"https:\/\/www.fazendaboqueiraorn.com.br\/en\/geossitio\/\" \/>\n<meta property=\"og:site_name\" content=\"Fazenda Boqueir\u00e3o\" \/>\n<meta property=\"article:publisher\" content=\"https:\/\/www.facebook.com\/fazboqueirao\" \/>\n<meta property=\"article:modified_time\" content=\"2024-08-27T18:19:21+00:00\" \/>\n<meta property=\"og:image\" content=\"https:\/\/www.fazendaboqueiraorn.com.br\/wp-content\/uploads\/2021\/08\/serra-vermelha.jpg\" \/>\n\t<meta property=\"og:image:width\" content=\"612\" \/>\n\t<meta property=\"og:image:height\" content=\"612\" \/>\n\t<meta property=\"og:image:type\" content=\"image\/jpeg\" \/>\n<meta name=\"twitter:card\" content=\"summary_large_image\" \/>\n<meta name=\"twitter:site\" content=\"@FazBoqueirao\" \/>\n<meta name=\"twitter:label1\" content=\"Est. reading time\" \/>\n\t<meta name=\"twitter:data1\" content=\"1 minute\" \/>\n<script type=\"application\/ld+json\" class=\"yoast-schema-graph\">{\"@context\":\"https:\\\/\\\/schema.org\",\"@graph\":[{\"@type\":\"WebPage\",\"@id\":\"https:\\\/\\\/www.fazendaboqueiraorn.com.br\\\/geossitio\\\/\",\"url\":\"https:\\\/\\\/www.fazendaboqueiraorn.com.br\\\/geossitio\\\/\",\"name\":\"Geoss\u00edtios - Fazenda Boqueir\u00e3o\",\"isPartOf\":{\"@id\":\"https:\\\/\\\/www.fazendaboqueiraorn.com.br\\\/#website\"},\"primaryImageOfPage\":{\"@id\":\"https:\\\/\\\/www.fazendaboqueiraorn.com.br\\\/geossitio\\\/#primaryimage\"},\"image\":{\"@id\":\"https:\\\/\\\/www.fazendaboqueiraorn.com.br\\\/geossitio\\\/#primaryimage\"},\"thumbnailUrl\":\"https:\\\/\\\/i0.wp.com\\\/www.fazendaboqueiraorn.com.br\\\/wp-content\\\/uploads\\\/2021\\\/08\\\/serra-vermelha.jpg?fit=612%2C612&ssl=1\",\"datePublished\":\"2021-09-08T20:25:03+00:00\",\"dateModified\":\"2024-08-27T18:19:21+00:00\",\"description\":\"No Geoparque Boqueir\u00e3o, al\u00e9m da Serra das Araras e Serra Vermelha, possu\u00edmos geoformas peculiares, como a pedra em forma de elefante, rinoceronte e o rosto humano.\",\"breadcrumb\":{\"@id\":\"https:\\\/\\\/www.fazendaboqueiraorn.com.br\\\/geossitio\\\/#breadcrumb\"},\"inLanguage\":\"en-US\",\"potentialAction\":[{\"@type\":\"ReadAction\",\"target\":[\"https:\\\/\\\/www.fazendaboqueiraorn.com.br\\\/geossitio\\\/\"]}]},{\"@type\":\"ImageObject\",\"inLanguage\":\"en-US\",\"@id\":\"https:\\\/\\\/www.fazendaboqueiraorn.com.br\\\/geossitio\\\/#primaryimage\",\"url\":\"https:\\\/\\\/i0.wp.com\\\/www.fazendaboqueiraorn.com.br\\\/wp-content\\\/uploads\\\/2021\\\/08\\\/serra-vermelha.jpg?fit=612%2C612&ssl=1\",\"contentUrl\":\"https:\\\/\\\/i0.wp.com\\\/www.fazendaboqueiraorn.com.br\\\/wp-content\\\/uploads\\\/2021\\\/08\\\/serra-vermelha.jpg?fit=612%2C612&ssl=1\",\"width\":612,\"height\":612,\"caption\":\"Serra Vermelha\"},{\"@type\":\"BreadcrumbList\",\"@id\":\"https:\\\/\\\/www.fazendaboqueiraorn.com.br\\\/geossitio\\\/#breadcrumb\",\"itemListElement\":[{\"@type\":\"ListItem\",\"position\":1,\"name\":\"Home\",\"item\":\"https:\\\/\\\/www.fazendaboqueiraorn.com.br\\\/\"},{\"@type\":\"ListItem\",\"position\":2,\"name\":\"Geoss\u00edtios\"}]},{\"@type\":\"WebSite\",\"@id\":\"https:\\\/\\\/www.fazendaboqueiraorn.com.br\\\/#website\",\"url\":\"https:\\\/\\\/www.fazendaboqueiraorn.com.br\\\/\",\"name\":\"Fazenda Boqueir\u00e3o\",\"description\":\"\",\"publisher\":{\"@id\":\"https:\\\/\\\/www.fazendaboqueiraorn.com.br\\\/#organization\"},\"potentialAction\":[{\"@type\":\"SearchAction\",\"target\":{\"@type\":\"EntryPoint\",\"urlTemplate\":\"https:\\\/\\\/www.fazendaboqueiraorn.com.br\\\/?s={search_term_string}\"},\"query-input\":{\"@type\":\"PropertyValueSpecification\",\"valueRequired\":true,\"valueName\":\"search_term_string\"}}],\"inLanguage\":\"en-US\"},{\"@type\":\"Organization\",\"@id\":\"https:\\\/\\\/www.fazendaboqueiraorn.com.br\\\/#organization\",\"name\":\"Fazenda Boqueir\u00e3o\",\"url\":\"https:\\\/\\\/www.fazendaboqueiraorn.com.br\\\/\",\"logo\":{\"@type\":\"ImageObject\",\"inLanguage\":\"en-US\",\"@id\":\"https:\\\/\\\/www.fazendaboqueiraorn.com.br\\\/#\\\/schema\\\/logo\\\/image\\\/\",\"url\":\"https:\\\/\\\/i0.wp.com\\\/www.fazendaboqueiraorn.com.br\\\/wp-content\\\/uploads\\\/2021\\\/08\\\/logo-fazenda-120x120-1.png?fit=120%2C120&ssl=1\",\"contentUrl\":\"https:\\\/\\\/i0.wp.com\\\/www.fazendaboqueiraorn.com.br\\\/wp-content\\\/uploads\\\/2021\\\/08\\\/logo-fazenda-120x120-1.png?fit=120%2C120&ssl=1\",\"width\":120,\"height\":120,\"caption\":\"Fazenda Boqueir\u00e3o\"},\"image\":{\"@id\":\"https:\\\/\\\/www.fazendaboqueiraorn.com.br\\\/#\\\/schema\\\/logo\\\/image\\\/\"},\"sameAs\":[\"https:\\\/\\\/www.facebook.com\\\/fazboqueirao\",\"https:\\\/\\\/x.com\\\/FazBoqueirao\",\"http:\\\/\\\/instagram.com\\\/fazboqueirao\\\/\",\"https:\\\/\\\/www.linkedin.com\\\/company\\\/fazboqueirao\\\/\",\"https:\\\/\\\/www.youtube.com\\\/channel\\\/UCUA4_8v8HkmMeNUh8c6Ky1Q\"]}]}<\/script>\n<!-- \/ Yoast SEO plugin. -->","yoast_head_json":{"title":"Geoss\u00edtios - Fazenda Boqueir\u00e3o","description":"No Geoparque Boqueir\u00e3o, al\u00e9m da Serra das Araras e Serra Vermelha, possu\u00edmos geoformas peculiares, como a pedra em forma de elefante, rinoceronte e o rosto humano.","robots":{"index":"index","follow":"follow","max-snippet":"max-snippet:-1","max-image-preview":"max-image-preview:large","max-video-preview":"max-video-preview:-1"},"canonical":"https:\/\/www.fazendaboqueiraorn.com.br\/en\/geossitio\/","og_locale":"en_US","og_type":"article","og_title":"Geoss\u00edtios - Fazenda Boqueir\u00e3o","og_description":"No Geoparque Boqueir\u00e3o, al\u00e9m da Serra das Araras e Serra Vermelha, possu\u00edmos geoformas peculiares, como a pedra em forma de elefante, rinoceronte e o rosto humano.","og_url":"https:\/\/www.fazendaboqueiraorn.com.br\/en\/geossitio\/","og_site_name":"Fazenda Boqueir\u00e3o","article_publisher":"https:\/\/www.facebook.com\/fazboqueirao","article_modified_time":"2024-08-27T18:19:21+00:00","og_image":[{"width":612,"height":612,"url":"https:\/\/www.fazendaboqueiraorn.com.br\/wp-content\/uploads\/2021\/08\/serra-vermelha.jpg","type":"image\/jpeg"}],"twitter_card":"summary_large_image","twitter_site":"@FazBoqueirao","twitter_misc":{"Est. reading time":"1 minute"},"schema":{"@context":"https:\/\/schema.org","@graph":[{"@type":"WebPage","@id":"https:\/\/www.fazendaboqueiraorn.com.br\/geossitio\/","url":"https:\/\/www.fazendaboqueiraorn.com.br\/geossitio\/","name":"Geoss\u00edtios - Fazenda Boqueir\u00e3o","isPartOf":{"@id":"https:\/\/www.fazendaboqueiraorn.com.br\/#website"},"primaryImageOfPage":{"@id":"https:\/\/www.fazendaboqueiraorn.com.br\/geossitio\/#primaryimage"},"image":{"@id":"https:\/\/www.fazendaboqueiraorn.com.br\/geossitio\/#primaryimage"},"thumbnailUrl":"https:\/\/i0.wp.com\/www.fazendaboqueiraorn.com.br\/wp-content\/uploads\/2021\/08\/serra-vermelha.jpg?fit=612%2C612&ssl=1","datePublished":"2021-09-08T20:25:03+00:00","dateModified":"2024-08-27T18:19:21+00:00","description":"No Geoparque Boqueir\u00e3o, al\u00e9m da Serra das Araras e Serra Vermelha, possu\u00edmos geoformas peculiares, como a pedra em forma de elefante, rinoceronte e o rosto humano.","breadcrumb":{"@id":"https:\/\/www.fazendaboqueiraorn.com.br\/geossitio\/#breadcrumb"},"inLanguage":"en-US","potentialAction":[{"@type":"ReadAction","target":["https:\/\/www.fazendaboqueiraorn.com.br\/geossitio\/"]}]},{"@type":"ImageObject","inLanguage":"en-US","@id":"https:\/\/www.fazendaboqueiraorn.com.br\/geossitio\/#primaryimage","url":"https:\/\/i0.wp.com\/www.fazendaboqueiraorn.com.br\/wp-content\/uploads\/2021\/08\/serra-vermelha.jpg?fit=612%2C612&ssl=1","contentUrl":"https:\/\/i0.wp.com\/www.fazendaboqueiraorn.com.br\/wp-content\/uploads\/2021\/08\/serra-vermelha.jpg?fit=612%2C612&ssl=1","width":612,"height":612,"caption":"Serra Vermelha"},{"@type":"BreadcrumbList","@id":"https:\/\/www.fazendaboqueiraorn.com.br\/geossitio\/#breadcrumb","itemListElement":[{"@type":"ListItem","position":1,"name":"Home","item":"https:\/\/www.fazendaboqueiraorn.com.br\/"},{"@type":"ListItem","position":2,"name":"Geoss\u00edtios"}]},{"@type":"WebSite","@id":"https:\/\/www.fazendaboqueiraorn.com.br\/#website","url":"https:\/\/www.fazendaboqueiraorn.com.br\/","name":"Fazenda Boqueir\u00e3o","description":"","publisher":{"@id":"https:\/\/www.fazendaboqueiraorn.com.br\/#organization"},"potentialAction":[{"@type":"SearchAction","target":{"@type":"EntryPoint","urlTemplate":"https:\/\/www.fazendaboqueiraorn.com.br\/?s={search_term_string}"},"query-input":{"@type":"PropertyValueSpecification","valueRequired":true,"valueName":"search_term_string"}}],"inLanguage":"en-US"},{"@type":"Organization","@id":"https:\/\/www.fazendaboqueiraorn.com.br\/#organization","name":"Fazenda Boqueir\u00e3o","url":"https:\/\/www.fazendaboqueiraorn.com.br\/","logo":{"@type":"ImageObject","inLanguage":"en-US","@id":"https:\/\/www.fazendaboqueiraorn.com.br\/#\/schema\/logo\/image\/","url":"https:\/\/i0.wp.com\/www.fazendaboqueiraorn.com.br\/wp-content\/uploads\/2021\/08\/logo-fazenda-120x120-1.png?fit=120%2C120&ssl=1","contentUrl":"https:\/\/i0.wp.com\/www.fazendaboqueiraorn.com.br\/wp-content\/uploads\/2021\/08\/logo-fazenda-120x120-1.png?fit=120%2C120&ssl=1","width":120,"height":120,"caption":"Fazenda Boqueir\u00e3o"},"image":{"@id":"https:\/\/www.fazendaboqueiraorn.com.br\/#\/schema\/logo\/image\/"},"sameAs":["https:\/\/www.facebook.com\/fazboqueirao","https:\/\/x.com\/FazBoqueirao","http:\/\/instagram.com\/fazboqueirao\/","https:\/\/www.linkedin.com\/company\/fazboqueirao\/","https:\/\/www.youtube.com\/channel\/UCUA4_8v8HkmMeNUh8c6Ky1Q"]}]}},"uagb_featured_image_src":{"full":["https:\/\/i0.wp.com\/www.fazendaboqueiraorn.com.br\/wp-content\/uploads\/2021\/08\/serra-vermelha.jpg?fit=612%2C612&ssl=1",612,612,false],"thumbnail":["https:\/\/i0.wp.com\/www.fazendaboqueiraorn.com.br\/wp-content\/uploads\/2021\/08\/serra-vermelha.jpg?resize=150%2C150&ssl=1",150,150,true],"medium":["https:\/\/i0.wp.com\/www.fazendaboqueiraorn.com.br\/wp-content\/uploads\/2021\/08\/serra-vermelha.jpg?fit=300%2C300&ssl=1",300,300,true],"medium_large":["https:\/\/i0.wp.com\/www.fazendaboqueiraorn.com.br\/wp-content\/uploads\/2021\/08\/serra-vermelha.jpg?fit=612%2C612&ssl=1",612,612,true],"large":["https:\/\/i0.wp.com\/www.fazendaboqueiraorn.com.br\/wp-content\/uploads\/2021\/08\/serra-vermelha.jpg?fit=612%2C612&ssl=1",612,612,true],"1536x1536":["https:\/\/i0.wp.com\/www.fazendaboqueiraorn.com.br\/wp-content\/uploads\/2021\/08\/serra-vermelha.jpg?fit=612%2C612&ssl=1",612,612,true],"2048x2048":["https:\/\/i0.wp.com\/www.fazendaboqueiraorn.com.br\/wp-content\/uploads\/2021\/08\/serra-vermelha.jpg?fit=612%2C612&ssl=1",612,612,true],"trp-custom-language-flag":["https:\/\/i0.wp.com\/www.fazendaboqueiraorn.com.br\/wp-content\/uploads\/2021\/08\/serra-vermelha.jpg?fit=12%2C12&ssl=1",12,12,true],"ultp_layout_landscape_large":["https:\/\/i0.wp.com\/www.fazendaboqueiraorn.com.br\/wp-content\/uploads\/2021\/08\/serra-vermelha.jpg?resize=612%2C612&ssl=1",612,612,true],"ultp_layout_landscape":["https:\/\/i0.wp.com\/www.fazendaboqueiraorn.com.br\/wp-content\/uploads\/2021\/08\/serra-vermelha.jpg?resize=612%2C570&ssl=1",612,570,true],"ultp_layout_portrait":["https:\/\/i0.wp.com\/www.fazendaboqueiraorn.com.br\/wp-content\/uploads\/2021\/08\/serra-vermelha.jpg?resize=600%2C612&ssl=1",600,612,true],"ultp_layout_square":["https:\/\/i0.wp.com\/www.fazendaboqueiraorn.com.br\/wp-content\/uploads\/2021\/08\/serra-vermelha.jpg?resize=600%2C600&ssl=1",600,600,true],"woocommerce_thumbnail":["https:\/\/www.fazendaboqueiraorn.com.br\/wp-content\/uploads\/2021\/08\/serra-vermelha-300x300.jpg",300,300,true],"woocommerce_single":["https:\/\/www.fazendaboqueiraorn.com.br\/wp-content\/uploads\/2021\/08\/serra-vermelha.jpg",600,600,false],"woocommerce_gallery_thumbnail":["https:\/\/www.fazendaboqueiraorn.com.br\/wp-content\/uploads\/2021\/08\/serra-vermelha-100x100.jpg",100,100,true],"web-stories-poster-portrait":["https:\/\/www.fazendaboqueiraorn.com.br\/wp-content\/uploads\/2021\/08\/serra-vermelha.jpg",612,612,false],"web-stories-publisher-logo":["https:\/\/www.fazendaboqueiraorn.com.br\/wp-content\/uploads\/2021\/08\/serra-vermelha.jpg",96,96,false],"web-stories-thumbnail":["https:\/\/www.fazendaboqueiraorn.com.br\/wp-content\/uploads\/2021\/08\/serra-vermelha.jpg",150,150,false]},"uagb_author_info":{"display_name":"Fazenda Boqueir\u00e3o","author_link":"https:\/\/www.fazendaboqueiraorn.com.br\/en\/author\/fazenda\/"},"uagb_comment_info":0,"uagb_excerpt":"Os geoss\u00edtios s\u00e3o locais bem delimitados graficamente e que concentram forma\u00e7\u00f5es geol\u00f3gicas com um grande valor cient\u00edfico, est\u00e9tico, ecol\u00f3gico, tur\u00edstico, cultural e educativo. A Fazenda Boqueir\u00e3o possui geo s\u00edtios de extrema beleza. O geoss\u00edtio Fazenda Boqueir\u00e3o al\u00e9m da Serra das Araras e Serra Vermelha, geo formas peculiares, como a pedra em forma de elefante, rinoceronte&hellip;","jetpack_sharing_enabled":true,"jetpack_likes_enabled":true,"_links":{"self":[{"href":"https:\/\/www.fazendaboqueiraorn.com.br\/en\/wp-json\/wp\/v2\/pages\/549","targetHints":{"allow":["GET"]}}],"collection":[{"href":"https:\/\/www.fazendaboqueiraorn.com.br\/en\/wp-json\/wp\/v2\/pages"}],"about":[{"href":"https:\/\/www.fazendaboqueiraorn.com.br\/en\/wp-json\/wp\/v2\/types\/page"}],"author":[{"embeddable":true,"href":"https:\/\/www.fazendaboqueiraorn.com.br\/en\/wp-json\/wp\/v2\/users\/2"}],"replies":[{"embeddable":true,"href":"https:\/\/www.fazendaboqueiraorn.com.br\/en\/wp-json\/wp\/v2\/comments?post=549"}],"version-history":[{"count":17,"href":"https:\/\/www.fazendaboqueiraorn.com.br\/en\/wp-json\/wp\/v2\/pages\/549\/revisions"}],"predecessor-version":[{"id":5668,"href":"https:\/\/www.fazendaboqueiraorn.com.br\/en\/wp-json\/wp\/v2\/pages\/549\/revisions\/5668"}],"wp:featuredmedia":[{"embeddable":true,"href":"https:\/\/www.fazendaboqueiraorn.com.br\/en\/wp-json\/wp\/v2\/media\/193"}],"wp:attachment":[{"href":"https:\/\/www.fazendaboqueiraorn.com.br\/en\/wp-json\/wp\/v2\/media?parent=549"}],"curies":[{"name":"wp","href":"https:\/\/api.w.org\/{rel}","templated":true}]}}