{"id":114,"date":"2021-08-04T09:10:23","date_gmt":"2021-08-04T12:10:23","guid":{"rendered":"http:\/\/www.fazendaboqueiraorn.com.br\/?page_id=114"},"modified":"2025-08-25T19:52:29","modified_gmt":"2025-08-25T22:52:29","slug":"historia","status":"publish","type":"page","link":"https:\/\/www.fazendaboqueiraorn.com.br\/en\/historia\/","title":{"rendered":"History"},"content":{"rendered":"<figure class=\"wp-block-image aligncenter size-full is-resized\"><img data-recalc-dims=\"1\" decoding=\"async\" width=\"640\" height=\"497\" loading=\"lazy\" src=\"https:\/\/i0.wp.com\/www.fazendaboqueiraorn.com.br\/wp-content\/uploads\/2021\/08\/pedro-azevedo-filhos.jpg?resize=640%2C497&#038;ssl=1\" alt=\"\" class=\"wp-image-306\" style=\"width:320px;height:249px\" srcset=\"https:\/\/i0.wp.com\/www.fazendaboqueiraorn.com.br\/wp-content\/uploads\/2021\/08\/pedro-azevedo-filhos.jpg?w=640&amp;ssl=1 640w, https:\/\/i0.wp.com\/www.fazendaboqueiraorn.com.br\/wp-content\/uploads\/2021\/08\/pedro-azevedo-filhos.jpg?resize=600%2C466&amp;ssl=1 600w, https:\/\/i0.wp.com\/www.fazendaboqueiraorn.com.br\/wp-content\/uploads\/2021\/08\/pedro-azevedo-filhos.jpg?resize=300%2C233&amp;ssl=1 300w\" sizes=\"auto, (max-width: 640px) 100vw, 640px\" \/><figcaption class=\"wp-element-caption\">Pedro Azevedo, esposa e filhos<\/figcaption><\/figure>\n\n\n\n<p class=\"\">A Fazenda Boqueir\u00e3o foi formada no in\u00edcio do s\u00e9culo 20 a partir da aquisi\u00e7\u00e3o pelo patriarca da fam\u00edlia, <a href=\"https:\/\/crescercomeducacao.com.br\/arvore\/index.php?route=%2Farvore%2Ftree%2Fno-roteiro-dos-azevedos%2Findividual%2FI30%2FPedro-de-Azevedo-Maia\" target=\"_blank\" rel=\"noreferrer noopener\">Pedro de Azevedo Maia<\/a> em 17 de novembro de 1916. Em seguida, tornou-se refer\u00eancia na regi\u00e3o Potengi durante o auge do <a href=\"\/en\/topicos\/algodao\/\">algod\u00e3o<\/a>. Nesse sentido, atualmente \u00e9 gerida pela 4\u00aa gera\u00e7\u00e3o familiar. Ap\u00f3s adquirir a propriedade, Pedro de Azevedo Maia construiu a casa sede da fazenda por volta de 1928.<\/p>\n\n\n\n<figure class=\"wp-block-image aligncenter size-large\"><img data-recalc-dims=\"1\" decoding=\"async\" width=\"1024\" height=\"336\" loading=\"lazy\" src=\"https:\/\/i0.wp.com\/www.fazendaboqueiraorn.com.br\/wp-content\/uploads\/2022\/05\/casa_grande.jpg?resize=1024%2C336&#038;ssl=1\" alt=\"Casa Grande\" class=\"wp-image-1811\" srcset=\"https:\/\/i0.wp.com\/www.fazendaboqueiraorn.com.br\/wp-content\/uploads\/2022\/05\/casa_grande-scaled.jpg?resize=1024%2C336&amp;ssl=1 1024w, https:\/\/i0.wp.com\/www.fazendaboqueiraorn.com.br\/wp-content\/uploads\/2022\/05\/casa_grande-scaled.jpg?resize=600%2C197&amp;ssl=1 600w, https:\/\/i0.wp.com\/www.fazendaboqueiraorn.com.br\/wp-content\/uploads\/2022\/05\/casa_grande-scaled.jpg?resize=300%2C98&amp;ssl=1 300w, https:\/\/i0.wp.com\/www.fazendaboqueiraorn.com.br\/wp-content\/uploads\/2022\/05\/casa_grande-scaled.jpg?resize=768%2C252&amp;ssl=1 768w, https:\/\/i0.wp.com\/www.fazendaboqueiraorn.com.br\/wp-content\/uploads\/2022\/05\/casa_grande-scaled.jpg?resize=18%2C6&amp;ssl=1 18w, https:\/\/i0.wp.com\/www.fazendaboqueiraorn.com.br\/wp-content\/uploads\/2022\/05\/casa_grande-scaled.jpg?resize=1200%2C394&amp;ssl=1 1200w, https:\/\/i0.wp.com\/www.fazendaboqueiraorn.com.br\/wp-content\/uploads\/2022\/05\/casa_grande-scaled.jpg?w=1000&amp;ssl=1 1000w\" sizes=\"auto, (max-width: 1000px) 100vw, 1000px\" \/><figcaption class=\"wp-element-caption\">Varanda da casa sede <\/figcaption><\/figure>\n\n\n\n<p class=\"\">A produ\u00e7\u00e3o de algod\u00e3o em solo potiguar ocupou lugar de destaque nacional entre os anos de 1960 e 1980. Era o chamado \u201couro branco\u201d e chegou a responder por 40% da arrecada\u00e7\u00e3o de ICMS, gerando emprego para milhares de potiguares. Pedro de Azevedo Maia tornou-se um dos maiores produtores de algod\u00e3o, tamb\u00e9m conhecido como cotonicultura, da regi\u00e3o Potengi. <\/p>\n\n\n\n<figure class=\"wp-block-image aligncenter size-full\"><img data-recalc-dims=\"1\" decoding=\"async\" width=\"619\" height=\"495\" loading=\"lazy\" src=\"https:\/\/i0.wp.com\/www.fazendaboqueiraorn.com.br\/wp-content\/uploads\/2021\/09\/pedro-azevedo-filhos-serra.jpg?resize=619%2C495&#038;ssl=1\" alt=\"\" class=\"wp-image-613\" srcset=\"https:\/\/i0.wp.com\/www.fazendaboqueiraorn.com.br\/wp-content\/uploads\/2021\/09\/pedro-azevedo-filhos-serra.jpg?w=619&amp;ssl=1 619w, https:\/\/i0.wp.com\/www.fazendaboqueiraorn.com.br\/wp-content\/uploads\/2021\/09\/pedro-azevedo-filhos-serra.jpg?resize=600%2C480&amp;ssl=1 600w, https:\/\/i0.wp.com\/www.fazendaboqueiraorn.com.br\/wp-content\/uploads\/2021\/09\/pedro-azevedo-filhos-serra.jpg?resize=300%2C240&amp;ssl=1 300w, https:\/\/i0.wp.com\/www.fazendaboqueiraorn.com.br\/wp-content\/uploads\/2021\/09\/pedro-azevedo-filhos-serra.jpg?resize=15%2C12&amp;ssl=1 15w\" sizes=\"auto, (max-width: 619px) 100vw, 619px\" \/><figcaption class=\"wp-element-caption\">Pedro com os filhos<\/figcaption><\/figure>\n\n\n\n<p class=\"\">Como reconhecimento por tudo que representou ao munic\u00edpio de Barcelona, foi homenageado dando nome a <a href=\"\/en\/escola-pedro-de-azevedo-maia\/\">Escola Municipal Pedro de Azevedo Maia<\/a>.<\/p>\n\n\n\n<figure class=\"is-style-rounded wp-block-image aligncenter size-full is-resized\"><img data-recalc-dims=\"1\" decoding=\"async\" width=\"720\" height=\"720\" loading=\"lazy\" src=\"https:\/\/i0.wp.com\/www.fazendaboqueiraorn.com.br\/wp-content\/uploads\/2022\/05\/EMPAM.jpg?resize=720%2C720&#038;ssl=1\" alt=\"Escola Pedro de Azevedo Maia\" class=\"wp-image-1664\" style=\"width:180px;height:180px\" srcset=\"https:\/\/i0.wp.com\/www.fazendaboqueiraorn.com.br\/wp-content\/uploads\/2022\/05\/EMPAM.jpg?w=720&amp;ssl=1 720w, https:\/\/i0.wp.com\/www.fazendaboqueiraorn.com.br\/wp-content\/uploads\/2022\/05\/EMPAM.jpg?resize=300%2C300&amp;ssl=1 300w, https:\/\/i0.wp.com\/www.fazendaboqueiraorn.com.br\/wp-content\/uploads\/2022\/05\/EMPAM.jpg?resize=100%2C100&amp;ssl=1 100w, https:\/\/i0.wp.com\/www.fazendaboqueiraorn.com.br\/wp-content\/uploads\/2022\/05\/EMPAM.jpg?resize=600%2C600&amp;ssl=1 600w, https:\/\/i0.wp.com\/www.fazendaboqueiraorn.com.br\/wp-content\/uploads\/2022\/05\/EMPAM.jpg?resize=150%2C150&amp;ssl=1 150w, https:\/\/i0.wp.com\/www.fazendaboqueiraorn.com.br\/wp-content\/uploads\/2022\/05\/EMPAM.jpg?resize=12%2C12&amp;ssl=1 12w\" sizes=\"auto, (max-width: 720px) 100vw, 720px\" \/><\/figure>\n\n\n\n<p class=\"\">A cotonicultura expandiu linhas f\u00e9rreas de mais de 500 quil\u00f4metros em territ\u00f3rio potiguar, por onde escoavam a produ\u00e7\u00e3o das usinas algodoeiras. Nos anos 1970, o Nordeste foi o maior produtor nacional de algod\u00e3o.&nbsp;Posteriormente, a partir dos anos 80, a praga do bicudo ocasionou o decl\u00ednio da produ\u00e7\u00e3o de algod\u00e3o em todo o territ\u00f3rio nacional.<\/p>\n\n\n\n<figure class=\"wp-block-image aligncenter size-large is-resized\"><img data-recalc-dims=\"1\" height=\"768\" width=\"1024\" decoding=\"async\" loading=\"lazy\" src=\"https:\/\/i0.wp.com\/www.fazendaboqueiraorn.com.br\/wp-content\/uploads\/2021\/08\/visaoaerea-sede-1024x768.jpg?resize=1024%2C768\" alt=\"\" class=\"wp-image-227\" style=\"width:512px;height:384px\"\/><figcaption class=\"wp-element-caption\">Vista a\u00e9rea da sede<\/figcaption><\/figure>\n\n\n\n<h2 class=\"wp-block-heading\"><a href=\"\/en\/livro-barro-blanco\/\">Livro Barro Blanco<\/a><\/h2>\n\n\n\n<p class=\"\">Antes de mais nada, Barro Blanco \u00e9 um dos grandes romances regionalistas brasileiros, revela a tr\u00e1gica vida dos deserdados submetidos a trabalhos escravizantes, sem perspectiva de melhoria.<\/p>\n\n\n\n<figure class=\"wp-block-image aligncenter size-full is-resized\"><img data-recalc-dims=\"1\" decoding=\"async\" width=\"600\" height=\"899\" loading=\"lazy\" src=\"https:\/\/i0.wp.com\/www.fazendaboqueiraorn.com.br\/wp-content\/uploads\/2021\/08\/livro-barro-blanco-jose-mauro-de-vasconcelos.jpg?resize=600%2C899\" alt=\"\" class=\"wp-image-350\" style=\"width:300px;height:450px\" srcset=\"https:\/\/i0.wp.com\/www.fazendaboqueiraorn.com.br\/wp-content\/uploads\/2021\/08\/livro-barro-blanco-jose-mauro-de-vasconcelos.jpg?w=600&amp;ssl=1 600w, https:\/\/i0.wp.com\/www.fazendaboqueiraorn.com.br\/wp-content\/uploads\/2021\/08\/livro-barro-blanco-jose-mauro-de-vasconcelos.jpg?resize=200%2C300&amp;ssl=1 200w, https:\/\/i0.wp.com\/www.fazendaboqueiraorn.com.br\/wp-content\/uploads\/2021\/08\/livro-barro-blanco-jose-mauro-de-vasconcelos.jpg?resize=8%2C12&amp;ssl=1 8w\" sizes=\"auto, (max-width: 600px) 100vw, 600px\" \/><figcaption class=\"wp-element-caption\">Capa do livro Barro Blanco de Jos\u00e9 Mauro de Vasconcelos.<\/figcaption><\/figure>\n\n\n\n<p class=\"\">A Fazenda Boqueir\u00e3o foi local de inspira\u00e7\u00e3o e ambienta\u00e7\u00e3o de <strong><a href=\"\/en\/livro-barro-blanco\/\">livro Barro Blanco<\/a><\/strong> de Jos\u00e9 Mauro de Vasconcelos, onde narra a vida de Chic\u00e3o onde parte de sua passou na Fazenda Boqueir\u00e3o junto ao Padrinho Pedro de Azevedo Maia. Ele nasceu no sert\u00e3o, e passa a inf\u00e2ncia junto \u00e0 natureza \u00e1rida do interior. Posteriormente, numa \u00e9poca de seca implac\u00e1vel, parte para Macau (RN).<\/p>\n\n\n\n<h2 class=\"wp-block-heading\">Infraestrutura<\/h2>\n\n\n\n<p class=\"\">Do mesmo modo que a fazenda no in\u00edcio deu a eplora\u00e7\u00e3o do algod\u00e3o, destaca-se o armaz\u00e9m onde era armazenado a produ\u00e7\u00e3o e as benfeitorias realizadas neste per\u00edodo. Podemos citar o <a href=\"\/en\/acude-camurim\/\">A\u00e7ude Camurim<\/a>, a barragem subterr\u00e2nea do Rio Potengi e o <a href=\"\/en\/tanque-de-pedra\/\">tanque de pedra na Serra do Defunto<\/a>.<\/p>\n\n\n\n<figure class=\"wp-block-image aligncenter size-large is-resized\"><img data-recalc-dims=\"1\" decoding=\"async\" width=\"1024\" height=\"576\" loading=\"lazy\" src=\"https:\/\/i0.wp.com\/www.fazendaboqueiraorn.com.br\/wp-content\/uploads\/2021\/08\/acudecamirum-edited-1024x576.jpg?resize=1024%2C576&#038;ssl=1\" alt=\"\" class=\"wp-image-298\" style=\"width:512px;height:288px\" srcset=\"https:\/\/i0.wp.com\/www.fazendaboqueiraorn.com.br\/wp-content\/uploads\/2021\/08\/acudecamirum-edited-scaled.jpg?resize=1024%2C576&amp;ssl=1 1024w, https:\/\/i0.wp.com\/www.fazendaboqueiraorn.com.br\/wp-content\/uploads\/2021\/08\/acudecamirum-edited-scaled.jpg?resize=600%2C337&amp;ssl=1 600w, https:\/\/i0.wp.com\/www.fazendaboqueiraorn.com.br\/wp-content\/uploads\/2021\/08\/acudecamirum-edited-scaled.jpg?resize=300%2C169&amp;ssl=1 300w, https:\/\/i0.wp.com\/www.fazendaboqueiraorn.com.br\/wp-content\/uploads\/2021\/08\/acudecamirum-edited-scaled.jpg?resize=768%2C432&amp;ssl=1 768w, https:\/\/i0.wp.com\/www.fazendaboqueiraorn.com.br\/wp-content\/uploads\/2021\/08\/acudecamirum-edited-scaled.jpg?w=1000&amp;ssl=1 1000w\" sizes=\"auto, (max-width: 1000px) 100vw, 1000px\" \/><figcaption class=\"wp-element-caption\">A\u00e7ude Camurim<\/figcaption><\/figure>\n\n\n\n<figure class=\"wp-block-image aligncenter size-large is-resized\"><img data-recalc-dims=\"1\" decoding=\"async\" width=\"1024\" height=\"576\" loading=\"lazy\" src=\"https:\/\/i0.wp.com\/www.fazendaboqueiraorn.com.br\/wp-content\/uploads\/2021\/08\/WhatsApp-Image-2021-08-06-at-09.04.00-edited-2.jpeg?resize=1024%2C576&#038;ssl=1\" alt=\"\" class=\"wp-image-300\" style=\"width:512px;height:288px\" srcset=\"https:\/\/i0.wp.com\/www.fazendaboqueiraorn.com.br\/wp-content\/uploads\/2021\/08\/WhatsApp-Image-2021-08-06-at-09.04.00-edited-2-scaled.jpeg?resize=1024%2C576&amp;ssl=1 1024w, https:\/\/i0.wp.com\/www.fazendaboqueiraorn.com.br\/wp-content\/uploads\/2021\/08\/WhatsApp-Image-2021-08-06-at-09.04.00-edited-2-scaled.jpeg?resize=600%2C338&amp;ssl=1 600w, https:\/\/i0.wp.com\/www.fazendaboqueiraorn.com.br\/wp-content\/uploads\/2021\/08\/WhatsApp-Image-2021-08-06-at-09.04.00-edited-2-scaled.jpeg?resize=300%2C169&amp;ssl=1 300w, https:\/\/i0.wp.com\/www.fazendaboqueiraorn.com.br\/wp-content\/uploads\/2021\/08\/WhatsApp-Image-2021-08-06-at-09.04.00-edited-2-scaled.jpeg?resize=768%2C432&amp;ssl=1 768w, https:\/\/i0.wp.com\/www.fazendaboqueiraorn.com.br\/wp-content\/uploads\/2021\/08\/WhatsApp-Image-2021-08-06-at-09.04.00-edited-2-scaled.jpeg?w=1000&amp;ssl=1 1000w\" sizes=\"auto, (max-width: 1000px) 100vw, 1000px\" \/><figcaption class=\"wp-element-caption\">Armaz\u00e9m utilizado na \u00e9poca do algod\u00e3o moc\u00f3.<\/figcaption><\/figure>\n\n\n\n<figure class=\"wp-block-image aligncenter size-large is-resized\"><img data-recalc-dims=\"1\" decoding=\"async\" width=\"586\" height=\"367\" loading=\"lazy\" src=\"https:\/\/i0.wp.com\/www.fazendaboqueiraorn.com.br\/wp-content\/uploads\/2021\/08\/barragem-subterranea-edited.jpg?resize=586%2C367&#038;ssl=1\" alt=\"\" class=\"wp-image-221\" style=\"width:586px;height:367px\" srcset=\"https:\/\/i0.wp.com\/www.fazendaboqueiraorn.com.br\/wp-content\/uploads\/2021\/08\/barragem-subterranea-edited.jpg?w=586&amp;ssl=1 586w, https:\/\/i0.wp.com\/www.fazendaboqueiraorn.com.br\/wp-content\/uploads\/2021\/08\/barragem-subterranea-edited.jpg?resize=300%2C188&amp;ssl=1 300w\" sizes=\"auto, (max-width: 586px) 100vw, 586px\" \/><figcaption class=\"wp-element-caption\">Barragem subterr\u00e2nea no Rio Potengi conhecida por Barragem de Hugo Azevedo<\/figcaption><\/figure>\n\n\n\n<figure class=\"wp-block-image aligncenter size-large is-resized\"><img data-recalc-dims=\"1\" decoding=\"async\" loading=\"lazy\" src=\"https:\/\/i0.wp.com\/www.fazendaboqueiraorn.com.br\/wp-content\/uploads\/2022\/04\/tanque_de_pedra.jpg?ssl=1\" alt=\"Tanque de Pedra\" class=\"wp-image-1568\" style=\"width:512px;height:384px\"\/><figcaption class=\"wp-element-caption\">Tanque de Pedra na Serra do Defunto<\/figcaption><\/figure>\n\n\n\n<p class=\"\">Pode ser destacada tamb\u00e9m a <a href=\"\/en\/geositio\/\">riqueza geogr\u00e1fica da nossa fazenda<\/a>, onde est\u00e1 inserida a Serra das Araras e a Serra Vermelha, tamb\u00e9m conhecida como Pedra da F\u00e9. <\/p>\n\n\n\n<figure class=\"wp-block-image aligncenter size-full is-resized\"><img data-recalc-dims=\"1\" decoding=\"async\" width=\"1000\" height=\"636\" loading=\"lazy\" src=\"https:\/\/i0.wp.com\/www.fazendaboqueiraorn.com.br\/wp-content\/uploads\/2022\/04\/cachoeira_rio_potengi.jpg?resize=1000%2C636&#038;ssl=1\" alt=\"Cachoeira no Rio Potengi\" class=\"wp-image-1578\" style=\"width:500px;height:318px\" srcset=\"https:\/\/i0.wp.com\/www.fazendaboqueiraorn.com.br\/wp-content\/uploads\/2022\/04\/cachoeira_rio_potengi.jpg?w=1000&amp;ssl=1 1000w, https:\/\/i0.wp.com\/www.fazendaboqueiraorn.com.br\/wp-content\/uploads\/2022\/04\/cachoeira_rio_potengi.jpg?resize=600%2C382&amp;ssl=1 600w, https:\/\/i0.wp.com\/www.fazendaboqueiraorn.com.br\/wp-content\/uploads\/2022\/04\/cachoeira_rio_potengi.jpg?resize=300%2C191&amp;ssl=1 300w, https:\/\/i0.wp.com\/www.fazendaboqueiraorn.com.br\/wp-content\/uploads\/2022\/04\/cachoeira_rio_potengi.jpg?resize=768%2C488&amp;ssl=1 768w, https:\/\/i0.wp.com\/www.fazendaboqueiraorn.com.br\/wp-content\/uploads\/2022\/04\/cachoeira_rio_potengi.jpg?resize=18%2C12&amp;ssl=1 18w\" sizes=\"auto, (max-width: 1000px) 100vw, 1000px\" \/><figcaption class=\"wp-element-caption\">Cachoeira no Rio Potengi<\/figcaption><\/figure>\n\n\n\n<p class=\"\">No trecho do Rio Potengi que atravessa a fazenda, assim como a barragem subterr\u00e2nea, existe ainda na proximidadade uma cachoeira natural durante as cheias do rio.<\/p>","protected":false},"excerpt":{"rendered":"<p>A Fazenda Boqueir\u00e3o foi formada no in\u00edcio do s\u00e9culo 20 a partir da aquisi\u00e7\u00e3o pelo patriarca da fam\u00edlia, Pedro de Azevedo Maia em 17 de novembro de 1916. Em seguida, tornou-se refer\u00eancia na regi\u00e3o Potengi durante o auge do algod\u00e3o. Nesse sentido, atualmente \u00e9 gerida pela 4\u00aa gera\u00e7\u00e3o familiar. Ap\u00f3s adquirir a propriedade, Pedro de [&hellip;]<\/p>\n","protected":false},"author":2,"featured_media":306,"parent":0,"menu_order":0,"comment_status":"closed","ping_status":"closed","template":"","meta":{"nf_dc_page":"","_uag_custom_page_level_css":"","site-sidebar-layout":"default","site-content-layout":"","ast-site-content-layout":"default","site-content-style":"default","site-sidebar-style":"default","ast-global-header-display":"","ast-banner-title-visibility":"","ast-main-header-display":"","ast-hfb-above-header-display":"","ast-hfb-below-header-display":"","ast-hfb-mobile-header-display":"","site-post-title":"","ast-breadcrumbs-content":"","ast-featured-img":"disabled","footer-sml-layout":"","ast-disable-related-posts":"","theme-transparent-header-meta":"","adv-header-id-meta":"","stick-header-meta":"","header-above-stick-meta":"","header-main-stick-meta":"","header-below-stick-meta":"","astra-migrate-meta-layouts":"default","ast-page-background-enabled":"default","ast-page-background-meta":{"desktop":{"background-color":"var(--ast-global-color-4)","background-image":"","background-repeat":"repeat","background-position":"center center","background-size":"auto","background-attachment":"scroll","background-type":"","background-media":"","overlay-type":"","overlay-color":"","overlay-opacity":"","overlay-gradient":""},"tablet":{"background-color":"","background-image":"","background-repeat":"repeat","background-position":"center center","background-size":"auto","background-attachment":"scroll","background-type":"","background-media":"","overlay-type":"","overlay-color":"","overlay-opacity":"","overlay-gradient":""},"mobile":{"background-color":"","background-image":"","background-repeat":"repeat","background-position":"center center","background-size":"auto","background-attachment":"scroll","background-type":"","background-media":"","overlay-type":"","overlay-color":"","overlay-opacity":"","overlay-gradient":""}},"ast-content-background-meta":{"desktop":{"background-color":"var(--ast-global-color-5)","background-image":"","background-repeat":"repeat","background-position":"center center","background-size":"auto","background-attachment":"scroll","background-type":"","background-media":"","overlay-type":"","overlay-color":"","overlay-opacity":"","overlay-gradient":""},"tablet":{"background-color":"var(--ast-global-color-5)","background-image":"","background-repeat":"repeat","background-position":"center center","background-size":"auto","background-attachment":"scroll","background-type":"","background-media":"","overlay-type":"","overlay-color":"","overlay-opacity":"","overlay-gradient":""},"mobile":{"background-color":"var(--ast-global-color-5)","background-image":"","background-repeat":"repeat","background-position":"center center","background-size":"auto","background-attachment":"scroll","background-type":"","background-media":"","overlay-type":"","overlay-color":"","overlay-opacity":"","overlay-gradient":""}},"jetpack_post_was_ever_published":false,"footnotes":""},"class_list":["post-114","page","type-page","status-publish","has-post-thumbnail","hentry"],"yoast_head":"<!-- This site is optimized with the Yoast SEO plugin v27.5 - https:\/\/yoast.com\/product\/yoast-seo-wordpress\/ -->\n<title>Hist\u00f3ria - Fazenda Boqueir\u00e3o<\/title>\n<meta name=\"description\" content=\"Conhe\u00e7a a hist\u00f3ria da Fazenda Boqueir\u00e3o em Barcelona\/RN. Ela foi adquirida no in\u00edcio do s\u00e9culo 20 pelo patriarca Pedro de Azevedo Maia.\" \/>\n<meta name=\"robots\" content=\"index, follow, max-snippet:-1, max-image-preview:large, max-video-preview:-1\" \/>\n<link rel=\"canonical\" href=\"https:\/\/www.fazendaboqueiraorn.com.br\/en\/historia\/\" \/>\n<meta property=\"og:locale\" content=\"en_US\" \/>\n<meta property=\"og:type\" content=\"article\" \/>\n<meta property=\"og:title\" content=\"Hist\u00f3ria - Fazenda Boqueir\u00e3o\" \/>\n<meta property=\"og:description\" content=\"Conhe\u00e7a a hist\u00f3ria da Fazenda Boqueir\u00e3o em Barcelona\/RN. Ela foi adquirida no in\u00edcio do s\u00e9culo 20 pelo patriarca Pedro de Azevedo Maia.\" \/>\n<meta property=\"og:url\" content=\"https:\/\/www.fazendaboqueiraorn.com.br\/en\/historia\/\" \/>\n<meta property=\"og:site_name\" content=\"Fazenda Boqueir\u00e3o\" \/>\n<meta property=\"article:publisher\" content=\"https:\/\/www.facebook.com\/fazboqueirao\" \/>\n<meta property=\"article:modified_time\" content=\"2025-08-25T22:52:29+00:00\" \/>\n<meta property=\"og:image\" content=\"https:\/\/www.fazendaboqueiraorn.com.br\/wp-content\/uploads\/2021\/08\/pedro-azevedo-filhos.jpg\" \/>\n\t<meta property=\"og:image:width\" content=\"640\" \/>\n\t<meta property=\"og:image:height\" content=\"497\" \/>\n\t<meta property=\"og:image:type\" content=\"image\/jpeg\" \/>\n<meta name=\"twitter:card\" content=\"summary_large_image\" \/>\n<meta name=\"twitter:site\" content=\"@FazBoqueirao\" \/>\n<meta name=\"twitter:label1\" content=\"Est. reading time\" \/>\n\t<meta name=\"twitter:data1\" content=\"5 minutes\" \/>\n<script type=\"application\/ld+json\" class=\"yoast-schema-graph\">{\"@context\":\"https:\\\/\\\/schema.org\",\"@graph\":[{\"@type\":\"WebPage\",\"@id\":\"https:\\\/\\\/www.fazendaboqueiraorn.com.br\\\/historia\\\/\",\"url\":\"https:\\\/\\\/www.fazendaboqueiraorn.com.br\\\/historia\\\/\",\"name\":\"Hist\u00f3ria - Fazenda Boqueir\u00e3o\",\"isPartOf\":{\"@id\":\"https:\\\/\\\/www.fazendaboqueiraorn.com.br\\\/#website\"},\"primaryImageOfPage\":{\"@id\":\"https:\\\/\\\/www.fazendaboqueiraorn.com.br\\\/historia\\\/#primaryimage\"},\"image\":{\"@id\":\"https:\\\/\\\/www.fazendaboqueiraorn.com.br\\\/historia\\\/#primaryimage\"},\"thumbnailUrl\":\"https:\\\/\\\/i0.wp.com\\\/www.fazendaboqueiraorn.com.br\\\/wp-content\\\/uploads\\\/2021\\\/08\\\/pedro-azevedo-filhos.jpg?fit=640%2C497&ssl=1\",\"datePublished\":\"2021-08-04T12:10:23+00:00\",\"dateModified\":\"2025-08-25T22:52:29+00:00\",\"description\":\"Conhe\u00e7a a hist\u00f3ria da Fazenda Boqueir\u00e3o em Barcelona\\\/RN. Ela foi adquirida no in\u00edcio do s\u00e9culo 20 pelo patriarca Pedro de Azevedo Maia.\",\"breadcrumb\":{\"@id\":\"https:\\\/\\\/www.fazendaboqueiraorn.com.br\\\/historia\\\/#breadcrumb\"},\"inLanguage\":\"en-US\",\"potentialAction\":[{\"@type\":\"ReadAction\",\"target\":[\"https:\\\/\\\/www.fazendaboqueiraorn.com.br\\\/historia\\\/\"]}]},{\"@type\":\"ImageObject\",\"inLanguage\":\"en-US\",\"@id\":\"https:\\\/\\\/www.fazendaboqueiraorn.com.br\\\/historia\\\/#primaryimage\",\"url\":\"https:\\\/\\\/i0.wp.com\\\/www.fazendaboqueiraorn.com.br\\\/wp-content\\\/uploads\\\/2021\\\/08\\\/pedro-azevedo-filhos.jpg?fit=640%2C497&ssl=1\",\"contentUrl\":\"https:\\\/\\\/i0.wp.com\\\/www.fazendaboqueiraorn.com.br\\\/wp-content\\\/uploads\\\/2021\\\/08\\\/pedro-azevedo-filhos.jpg?fit=640%2C497&ssl=1\",\"width\":640,\"height\":497},{\"@type\":\"BreadcrumbList\",\"@id\":\"https:\\\/\\\/www.fazendaboqueiraorn.com.br\\\/historia\\\/#breadcrumb\",\"itemListElement\":[{\"@type\":\"ListItem\",\"position\":1,\"name\":\"Home\",\"item\":\"https:\\\/\\\/www.fazendaboqueiraorn.com.br\\\/\"},{\"@type\":\"ListItem\",\"position\":2,\"name\":\"Hist\u00f3ria\"}]},{\"@type\":\"WebSite\",\"@id\":\"https:\\\/\\\/www.fazendaboqueiraorn.com.br\\\/#website\",\"url\":\"https:\\\/\\\/www.fazendaboqueiraorn.com.br\\\/\",\"name\":\"Fazenda Boqueir\u00e3o\",\"description\":\"\",\"publisher\":{\"@id\":\"https:\\\/\\\/www.fazendaboqueiraorn.com.br\\\/#organization\"},\"potentialAction\":[{\"@type\":\"SearchAction\",\"target\":{\"@type\":\"EntryPoint\",\"urlTemplate\":\"https:\\\/\\\/www.fazendaboqueiraorn.com.br\\\/?s={search_term_string}\"},\"query-input\":{\"@type\":\"PropertyValueSpecification\",\"valueRequired\":true,\"valueName\":\"search_term_string\"}}],\"inLanguage\":\"en-US\"},{\"@type\":\"Organization\",\"@id\":\"https:\\\/\\\/www.fazendaboqueiraorn.com.br\\\/#organization\",\"name\":\"Fazenda Boqueir\u00e3o\",\"url\":\"https:\\\/\\\/www.fazendaboqueiraorn.com.br\\\/\",\"logo\":{\"@type\":\"ImageObject\",\"inLanguage\":\"en-US\",\"@id\":\"https:\\\/\\\/www.fazendaboqueiraorn.com.br\\\/#\\\/schema\\\/logo\\\/image\\\/\",\"url\":\"https:\\\/\\\/i0.wp.com\\\/www.fazendaboqueiraorn.com.br\\\/wp-content\\\/uploads\\\/2021\\\/08\\\/logo-fazenda-120x120-1.png?fit=120%2C120&ssl=1\",\"contentUrl\":\"https:\\\/\\\/i0.wp.com\\\/www.fazendaboqueiraorn.com.br\\\/wp-content\\\/uploads\\\/2021\\\/08\\\/logo-fazenda-120x120-1.png?fit=120%2C120&ssl=1\",\"width\":120,\"height\":120,\"caption\":\"Fazenda Boqueir\u00e3o\"},\"image\":{\"@id\":\"https:\\\/\\\/www.fazendaboqueiraorn.com.br\\\/#\\\/schema\\\/logo\\\/image\\\/\"},\"sameAs\":[\"https:\\\/\\\/www.facebook.com\\\/fazboqueirao\",\"https:\\\/\\\/x.com\\\/FazBoqueirao\",\"http:\\\/\\\/instagram.com\\\/fazboqueirao\\\/\",\"https:\\\/\\\/www.linkedin.com\\\/company\\\/fazboqueirao\\\/\",\"https:\\\/\\\/www.youtube.com\\\/channel\\\/UCUA4_8v8HkmMeNUh8c6Ky1Q\"]}]}<\/script>\n<!-- \/ Yoast SEO plugin. -->","yoast_head_json":{"title":"Hist\u00f3ria - Fazenda Boqueir\u00e3o","description":"Conhe\u00e7a a hist\u00f3ria da Fazenda Boqueir\u00e3o em Barcelona\/RN. Ela foi adquirida no in\u00edcio do s\u00e9culo 20 pelo patriarca Pedro de Azevedo Maia.","robots":{"index":"index","follow":"follow","max-snippet":"max-snippet:-1","max-image-preview":"max-image-preview:large","max-video-preview":"max-video-preview:-1"},"canonical":"https:\/\/www.fazendaboqueiraorn.com.br\/en\/historia\/","og_locale":"en_US","og_type":"article","og_title":"Hist\u00f3ria - Fazenda Boqueir\u00e3o","og_description":"Conhe\u00e7a a hist\u00f3ria da Fazenda Boqueir\u00e3o em Barcelona\/RN. Ela foi adquirida no in\u00edcio do s\u00e9culo 20 pelo patriarca Pedro de Azevedo Maia.","og_url":"https:\/\/www.fazendaboqueiraorn.com.br\/en\/historia\/","og_site_name":"Fazenda Boqueir\u00e3o","article_publisher":"https:\/\/www.facebook.com\/fazboqueirao","article_modified_time":"2025-08-25T22:52:29+00:00","og_image":[{"width":640,"height":497,"url":"https:\/\/www.fazendaboqueiraorn.com.br\/wp-content\/uploads\/2021\/08\/pedro-azevedo-filhos.jpg","type":"image\/jpeg"}],"twitter_card":"summary_large_image","twitter_site":"@FazBoqueirao","twitter_misc":{"Est. reading time":"5 minutes"},"schema":{"@context":"https:\/\/schema.org","@graph":[{"@type":"WebPage","@id":"https:\/\/www.fazendaboqueiraorn.com.br\/historia\/","url":"https:\/\/www.fazendaboqueiraorn.com.br\/historia\/","name":"Hist\u00f3ria - Fazenda Boqueir\u00e3o","isPartOf":{"@id":"https:\/\/www.fazendaboqueiraorn.com.br\/#website"},"primaryImageOfPage":{"@id":"https:\/\/www.fazendaboqueiraorn.com.br\/historia\/#primaryimage"},"image":{"@id":"https:\/\/www.fazendaboqueiraorn.com.br\/historia\/#primaryimage"},"thumbnailUrl":"https:\/\/i0.wp.com\/www.fazendaboqueiraorn.com.br\/wp-content\/uploads\/2021\/08\/pedro-azevedo-filhos.jpg?fit=640%2C497&ssl=1","datePublished":"2021-08-04T12:10:23+00:00","dateModified":"2025-08-25T22:52:29+00:00","description":"Conhe\u00e7a a hist\u00f3ria da Fazenda Boqueir\u00e3o em Barcelona\/RN. Ela foi adquirida no in\u00edcio do s\u00e9culo 20 pelo patriarca Pedro de Azevedo Maia.","breadcrumb":{"@id":"https:\/\/www.fazendaboqueiraorn.com.br\/historia\/#breadcrumb"},"inLanguage":"en-US","potentialAction":[{"@type":"ReadAction","target":["https:\/\/www.fazendaboqueiraorn.com.br\/historia\/"]}]},{"@type":"ImageObject","inLanguage":"en-US","@id":"https:\/\/www.fazendaboqueiraorn.com.br\/historia\/#primaryimage","url":"https:\/\/i0.wp.com\/www.fazendaboqueiraorn.com.br\/wp-content\/uploads\/2021\/08\/pedro-azevedo-filhos.jpg?fit=640%2C497&ssl=1","contentUrl":"https:\/\/i0.wp.com\/www.fazendaboqueiraorn.com.br\/wp-content\/uploads\/2021\/08\/pedro-azevedo-filhos.jpg?fit=640%2C497&ssl=1","width":640,"height":497},{"@type":"BreadcrumbList","@id":"https:\/\/www.fazendaboqueiraorn.com.br\/historia\/#breadcrumb","itemListElement":[{"@type":"ListItem","position":1,"name":"Home","item":"https:\/\/www.fazendaboqueiraorn.com.br\/"},{"@type":"ListItem","position":2,"name":"Hist\u00f3ria"}]},{"@type":"WebSite","@id":"https:\/\/www.fazendaboqueiraorn.com.br\/#website","url":"https:\/\/www.fazendaboqueiraorn.com.br\/","name":"Fazenda Boqueir\u00e3o","description":"","publisher":{"@id":"https:\/\/www.fazendaboqueiraorn.com.br\/#organization"},"potentialAction":[{"@type":"SearchAction","target":{"@type":"EntryPoint","urlTemplate":"https:\/\/www.fazendaboqueiraorn.com.br\/?s={search_term_string}"},"query-input":{"@type":"PropertyValueSpecification","valueRequired":true,"valueName":"search_term_string"}}],"inLanguage":"en-US"},{"@type":"Organization","@id":"https:\/\/www.fazendaboqueiraorn.com.br\/#organization","name":"Fazenda Boqueir\u00e3o","url":"https:\/\/www.fazendaboqueiraorn.com.br\/","logo":{"@type":"ImageObject","inLanguage":"en-US","@id":"https:\/\/www.fazendaboqueiraorn.com.br\/#\/schema\/logo\/image\/","url":"https:\/\/i0.wp.com\/www.fazendaboqueiraorn.com.br\/wp-content\/uploads\/2021\/08\/logo-fazenda-120x120-1.png?fit=120%2C120&ssl=1","contentUrl":"https:\/\/i0.wp.com\/www.fazendaboqueiraorn.com.br\/wp-content\/uploads\/2021\/08\/logo-fazenda-120x120-1.png?fit=120%2C120&ssl=1","width":120,"height":120,"caption":"Fazenda Boqueir\u00e3o"},"image":{"@id":"https:\/\/www.fazendaboqueiraorn.com.br\/#\/schema\/logo\/image\/"},"sameAs":["https:\/\/www.facebook.com\/fazboqueirao","https:\/\/x.com\/FazBoqueirao","http:\/\/instagram.com\/fazboqueirao\/","https:\/\/www.linkedin.com\/company\/fazboqueirao\/","https:\/\/www.youtube.com\/channel\/UCUA4_8v8HkmMeNUh8c6Ky1Q"]}]}},"uagb_featured_image_src":{"full":["https:\/\/i0.wp.com\/www.fazendaboqueiraorn.com.br\/wp-content\/uploads\/2021\/08\/pedro-azevedo-filhos.jpg?fit=640%2C497&ssl=1",640,497,false],"thumbnail":["https:\/\/i0.wp.com\/www.fazendaboqueiraorn.com.br\/wp-content\/uploads\/2021\/08\/pedro-azevedo-filhos.jpg?resize=150%2C150&ssl=1",150,150,true],"medium":["https:\/\/i0.wp.com\/www.fazendaboqueiraorn.com.br\/wp-content\/uploads\/2021\/08\/pedro-azevedo-filhos.jpg?fit=300%2C233&ssl=1",300,233,true],"medium_large":["https:\/\/i0.wp.com\/www.fazendaboqueiraorn.com.br\/wp-content\/uploads\/2021\/08\/pedro-azevedo-filhos.jpg?fit=640%2C497&ssl=1",640,497,true],"large":["https:\/\/i0.wp.com\/www.fazendaboqueiraorn.com.br\/wp-content\/uploads\/2021\/08\/pedro-azevedo-filhos.jpg?fit=640%2C497&ssl=1",640,497,true],"1536x1536":["https:\/\/i0.wp.com\/www.fazendaboqueiraorn.com.br\/wp-content\/uploads\/2021\/08\/pedro-azevedo-filhos.jpg?fit=640%2C497&ssl=1",640,497,true],"2048x2048":["https:\/\/i0.wp.com\/www.fazendaboqueiraorn.com.br\/wp-content\/uploads\/2021\/08\/pedro-azevedo-filhos.jpg?fit=640%2C497&ssl=1",640,497,true],"trp-custom-language-flag":["https:\/\/i0.wp.com\/www.fazendaboqueiraorn.com.br\/wp-content\/uploads\/2021\/08\/pedro-azevedo-filhos.jpg?fit=15%2C12&ssl=1",15,12,true],"ultp_layout_landscape_large":["https:\/\/i0.wp.com\/www.fazendaboqueiraorn.com.br\/wp-content\/uploads\/2021\/08\/pedro-azevedo-filhos.jpg?resize=640%2C497&ssl=1",640,497,true],"ultp_layout_landscape":["https:\/\/i0.wp.com\/www.fazendaboqueiraorn.com.br\/wp-content\/uploads\/2021\/08\/pedro-azevedo-filhos.jpg?resize=640%2C497&ssl=1",640,497,true],"ultp_layout_portrait":["https:\/\/i0.wp.com\/www.fazendaboqueiraorn.com.br\/wp-content\/uploads\/2021\/08\/pedro-azevedo-filhos.jpg?resize=600%2C497&ssl=1",600,497,true],"ultp_layout_square":["https:\/\/i0.wp.com\/www.fazendaboqueiraorn.com.br\/wp-content\/uploads\/2021\/08\/pedro-azevedo-filhos.jpg?resize=600%2C497&ssl=1",600,497,true],"woocommerce_thumbnail":["https:\/\/www.fazendaboqueiraorn.com.br\/wp-content\/uploads\/2021\/08\/pedro-azevedo-filhos-300x300.jpg",300,300,true],"woocommerce_single":["https:\/\/www.fazendaboqueiraorn.com.br\/wp-content\/uploads\/2021\/08\/pedro-azevedo-filhos.jpg",600,466,false],"woocommerce_gallery_thumbnail":["https:\/\/www.fazendaboqueiraorn.com.br\/wp-content\/uploads\/2021\/08\/pedro-azevedo-filhos-100x100.jpg",100,100,true],"web-stories-poster-portrait":["https:\/\/www.fazendaboqueiraorn.com.br\/wp-content\/uploads\/2021\/08\/pedro-azevedo-filhos.jpg",640,497,false],"web-stories-publisher-logo":["https:\/\/www.fazendaboqueiraorn.com.br\/wp-content\/uploads\/2021\/08\/pedro-azevedo-filhos.jpg",96,75,false],"web-stories-thumbnail":["https:\/\/www.fazendaboqueiraorn.com.br\/wp-content\/uploads\/2021\/08\/pedro-azevedo-filhos.jpg",150,116,false]},"uagb_author_info":{"display_name":"Fazenda Boqueir\u00e3o","author_link":"https:\/\/www.fazendaboqueiraorn.com.br\/en\/author\/fazenda\/"},"uagb_comment_info":0,"uagb_excerpt":"A Fazenda Boqueir\u00e3o foi formada no in\u00edcio do s\u00e9culo 20 a partir da aquisi\u00e7\u00e3o pelo patriarca da fam\u00edlia, Pedro de Azevedo Maia em 17 de novembro de 1916. Em seguida, tornou-se refer\u00eancia na regi\u00e3o Potengi durante o auge do algod\u00e3o. Nesse sentido, atualmente \u00e9 gerida pela 4\u00aa gera\u00e7\u00e3o familiar. Ap\u00f3s adquirir a propriedade, Pedro de&hellip;","jetpack_sharing_enabled":true,"jetpack_likes_enabled":true,"_links":{"self":[{"href":"https:\/\/www.fazendaboqueiraorn.com.br\/en\/wp-json\/wp\/v2\/pages\/114","targetHints":{"allow":["GET"]}}],"collection":[{"href":"https:\/\/www.fazendaboqueiraorn.com.br\/en\/wp-json\/wp\/v2\/pages"}],"about":[{"href":"https:\/\/www.fazendaboqueiraorn.com.br\/en\/wp-json\/wp\/v2\/types\/page"}],"author":[{"embeddable":true,"href":"https:\/\/www.fazendaboqueiraorn.com.br\/en\/wp-json\/wp\/v2\/users\/2"}],"replies":[{"embeddable":true,"href":"https:\/\/www.fazendaboqueiraorn.com.br\/en\/wp-json\/wp\/v2\/comments?post=114"}],"version-history":[{"count":4,"href":"https:\/\/www.fazendaboqueiraorn.com.br\/en\/wp-json\/wp\/v2\/pages\/114\/revisions"}],"predecessor-version":[{"id":8875,"href":"https:\/\/www.fazendaboqueiraorn.com.br\/en\/wp-json\/wp\/v2\/pages\/114\/revisions\/8875"}],"wp:featuredmedia":[{"embeddable":true,"href":"https:\/\/www.fazendaboqueiraorn.com.br\/en\/wp-json\/wp\/v2\/media\/306"}],"wp:attachment":[{"href":"https:\/\/www.fazendaboqueiraorn.com.br\/en\/wp-json\/wp\/v2\/media?parent=114"}],"curies":[{"name":"wp","href":"https:\/\/api.w.org\/{rel}","templated":true}]}}